{"id":12344,"date":"2022-02-28T12:51:10","date_gmt":"2022-02-28T17:51:10","guid":{"rendered":"https:\/\/notes.math.ca\/issue\/54-2-mars-avril-2022\/"},"modified":"2022-03-22T09:49:26","modified_gmt":"2022-03-22T13:49:26","slug":"54-2-mars-avril-2022","status":"publish","type":"issue","link":"https:\/\/notes.math.ca\/fr\/numero\/54-2-mars-avril-2022\/","title":{"rendered":"54-2 mars\/avril 2022"},"content":{"rendered":"\t\t<div data-elementor-type=\"wp-post\" data-elementor-id=\"12344\" class=\"elementor elementor-12344 elementor-11986\" data-elementor-post-type=\"issue\">\n\t\t\t\t\t\t<section class=\"elementor-section elementor-top-section elementor-element elementor-element-446ed3f elementor-section-boxed elementor-section-height-default elementor-section-height-default\" data-id=\"446ed3f\" data-element_type=\"section\">\n\t\t\t\t\t\t<div class=\"elementor-container elementor-column-gap-default\">\n\t\t\t\t\t<div class=\"elementor-column elementor-col-100 elementor-top-column elementor-element elementor-element-5669674\" data-id=\"5669674\" data-element_type=\"column\">\n\t\t\t<div class=\"elementor-widget-wrap elementor-element-populated\">\n\t\t\t\t\t\t<div class=\"elementor-element elementor-element-725608c elementor-headline--style-highlight elementor-widget elementor-widget-animated-headline\" data-id=\"725608c\" data-element_type=\"widget\" data-settings=\"{&quot;marker&quot;:&quot;curly&quot;,&quot;highlighted_text&quot;:&quot;num\\u00e9ro de mars\\\/avril&quot;,&quot;headline_style&quot;:&quot;highlight&quot;,&quot;loop&quot;:&quot;yes&quot;,&quot;highlight_animation_duration&quot;:1200,&quot;highlight_iteration_delay&quot;:8000}\" data-widget_type=\"animated-headline.default\">\n\t\t\t\t<div class=\"elementor-widget-container\">\n\t\t\t\t\t\t\t<h3 class=\"elementor-headline\">\n\t\t\t\t\t<span class=\"elementor-headline-plain-text elementor-headline-text-wrapper\">Bienvenue au<\/span>\n\t\t\t\t<span class=\"elementor-headline-dynamic-wrapper elementor-headline-text-wrapper\">\n\t\t\t\t\t<span class=\"elementor-headline-dynamic-text elementor-headline-text-active\">num\u00e9ro de mars\/avril<\/span>\n\t\t\t\t<\/span>\n\t\t\t\t\t<span class=\"elementor-headline-plain-text elementor-headline-text-wrapper\">des Notes de la SMC<\/span>\n\t\t\t\t\t<\/h3>\n\t\t\t\t\t\t<\/div>\n\t\t\t\t<\/div>\n\t\t\t\t\t<\/div>\n\t\t<\/div>\n\t\t\t\t\t<\/div>\n\t\t<\/section>\n\t\t\t\t<section class=\"elementor-section elementor-top-section elementor-element elementor-element-ad1ffe3 elementor-section-boxed elementor-section-height-default elementor-section-height-default\" data-id=\"ad1ffe3\" data-element_type=\"section\">\n\t\t\t\t\t\t<div class=\"elementor-container elementor-column-gap-default\">\n\t\t\t\t\t<div class=\"elementor-column elementor-col-100 elementor-top-column elementor-element elementor-element-cde0f4c\" data-id=\"cde0f4c\" data-element_type=\"column\">\n\t\t\t<div class=\"elementor-widget-wrap elementor-element-populated\">\n\t\t\t\t\t\t<div class=\"elementor-element elementor-element-2362288 elementor-widget elementor-widget-shortcode\" data-id=\"2362288\" data-element_type=\"widget\" data-widget_type=\"shortcode.default\">\n\t\t\t\t<div class=\"elementor-widget-container\">\n\t\t\t\t\t\t\t<div class=\"elementor-shortcode\"><div class='notes_render_toc notes_noprint notes_toc_style_1' style='' id='notes_toc'>\n<div class='notes_toc_top_fade'><\/div>\n<div class='notes_toc_top_bar'>\n  <div class='notes_toc_title'>Table des mati\u00e8res<\/div>\n  <div class='notes_toc_issuedata'>\nMars&nbsp;2022 : tome&nbsp;54,&nbsp;no.&nbsp;2  <div class='notes_toc_issue_pdf'>\n    <a href='https:\/\/notes.math.ca\/wp-content\/uploads\/2022\/02\/DesEquilibrer-la-recherche-mathematique-et-lenseignement-a-distance-dans-lere-de-la-COVID-Notes-de-la-SMC-1.pdf'><img class='pdficon' style='height: 48px;' src='\/wp-content\/uploads\/2019\/12\/PDF-download.png' alt='PDF icon' title=\"T\u00e9l\u00e9charger une copie PDF du num\u00e9ro au complet\"><\/a>\n  <\/div>\n  <\/div>\n<\/div>\n<div class='notes_clearboth notes_topborder'><\/div>\n<div class='notes_toc_body'>\n  <div class='notes_toc_articles'>\n    <div class='notes_toc_article'>\n      <div class='notes_toc_section_name'>Article de couverture<\/div>\n      <div class='notes_toc_article_row'>\n        <div class='notes_toc_article_pdf'>\n<a href='https:\/\/notes.math.ca\/wp-content\/uploads\/2022\/02\/DesEquilibrer-la-recherche-mathematique-et-lenseignement-a-distance-dans-lere-de-la-COVID-Notes-de-la-SMC.pdf' title='Cliquer ici pour t\u00e9l\u00e9charger une copie PDF de l\u2019article'><img class='pdficon' style='height: 32px;' src='\/wp-content\/uploads\/2019\/12\/PDF-download.png' alt='PDF icon' title=\"T\u00e9l\u00e9charger une copie PDF de l'article\"><\/a>        <\/div>\n        <a class='notes_toc_article_title_link' href='https:\/\/notes.math.ca\/fr\/article\/mathematical-research-and-remote-schooling-in-times-of-covid\/'>(D\u00e9s)\u00c9quilibrer la recherche math\u00e9matique et l\u2019enseignement \u00e0 distance dans l\u2019\u00e8re de la COVID<\/a> <span class='notes_toc_author_name'>&mdash;&nbsp;Matilde N. Lal\u00edn<\/span>      <\/div>\n    <\/div>\n    <div class='notes_toc_article'>\n      <div class='notes_toc_section_name'>\u00c9ditorial<\/div>\n      <div class='notes_toc_article_row'>\n        <div class='notes_toc_article_pdf'>\n<a href='https:\/\/notes.math.ca\/wp-content\/uploads\/2022\/03\/We-Will-Not-Be-There_FR-1.pdf' title='Cliquer ici pour t\u00e9l\u00e9charger une copie PDF de l\u2019article'><img class='pdficon' style='height: 32px;' src='\/wp-content\/uploads\/2019\/12\/PDF-download.png' alt='PDF icon' title=\"T\u00e9l\u00e9charger une copie PDF de l'article\"><\/a>        <\/div>\n        <a class='notes_toc_article_title_link' href='https:\/\/notes.math.ca\/fr\/article\/we-will-not-be-there\/'>Nous n\u2019y serons pas.<\/a> <span class='notes_toc_author_name'>&mdash;&nbsp;Robert Dawson<\/span>      <\/div>\n    <\/div>\n    <div class='notes_toc_article'>\n      <div class='notes_toc_section_name'>Book Reviews<\/div>\n      <div class='notes_toc_article_row'>\n        <div class='notes_toc_article_pdf'>\n<a href='https:\/\/notes.math.ca\/wp-content\/uploads\/2022\/02\/Math-and-Art-An-Introduction-to-Visual-Mathematics-1.pdf' title='Cliquer ici pour t\u00e9l\u00e9charger une copie PDF de l\u2019article'><img class='pdficon' style='height: 32px;' src='\/wp-content\/uploads\/2019\/12\/PDF-download.png' alt='PDF icon' title=\"T\u00e9l\u00e9charger une copie PDF de l'article\"><\/a>        <\/div>\n        <a class='notes_toc_article_title_link' href='https:\/\/notes.math.ca\/fr\/article\/math-and-art-an-introduction-to-visual-mathematics\/'>Math and Art: An Introduction to Visual Mathematics<\/a> <span class='notes_toc_author_name'>&mdash;&nbsp;Robert Dawson<\/span>      <\/div>\n    <\/div>\n    <div class='notes_toc_article'>\n      <div class='notes_toc_section_name'>CSHPM Notes<\/div>\n      <div class='notes_toc_article_row'>\n        <div class='notes_toc_article_pdf'>\n<a href='https:\/\/notes.math.ca\/wp-content\/uploads\/2022\/02\/Profiles-of-Early-Canadian-Mathematicians-2.pdf' title='Cliquer ici pour t\u00e9l\u00e9charger une copie PDF de l\u2019article'><img class='pdficon' style='height: 32px;' src='\/wp-content\/uploads\/2019\/12\/PDF-download.png' alt='PDF icon' title=\"T\u00e9l\u00e9charger une copie PDF de l'article\"><\/a>        <\/div>\n        <a class='notes_toc_article_title_link' href='https:\/\/notes.math.ca\/fr\/article\/profiles-of-early-canadian-mathematicians\/'>Profiles of Early Canadian Mathematicians<\/a> <span class='notes_toc_author_name'>&mdash;&nbsp;David E. Zitarelli (posthumous)<\/span>      <\/div>\n    <\/div>\n    <div class='notes_toc_article'>\n      <div class='notes_toc_section_name'>Education Notes<\/div>\n      <div class='notes_toc_article_row'>\n        <div class='notes_toc_article_pdf'>\n<a href='https:\/\/notes.math.ca\/wp-content\/uploads\/2022\/02\/Indigenizing-Mathematics-2.pdf' title='Cliquer ici pour t\u00e9l\u00e9charger une copie PDF de l\u2019article'><img class='pdficon' style='height: 32px;' src='\/wp-content\/uploads\/2019\/12\/PDF-download.png' alt='PDF icon' title=\"T\u00e9l\u00e9charger une copie PDF de l'article\"><\/a>        <\/div>\n        <a class='notes_toc_article_title_link' href='https:\/\/notes.math.ca\/fr\/article\/indigenizing-university-mathematics\/'>Indigenizing University Mathematics<\/a> <span class='notes_toc_author_name'>&mdash;&nbsp;Naomi Simone Borwein, Florence Glanfield, Veselin Jungic<\/span>      <\/div>\n    <\/div>\n    <div class='notes_toc_article'>\n      <div class='notes_toc_article_row'>\n        <div class='notes_toc_article_pdf'>\n<a href='https:\/\/notes.math.ca\/wp-content\/uploads\/2022\/02\/MathemAttic_An-Invitation-to-Participate-3.pdf' title='Cliquer ici pour t\u00e9l\u00e9charger une copie PDF de l\u2019article'><img class='pdficon' style='height: 32px;' src='\/wp-content\/uploads\/2019\/12\/PDF-download.png' alt='PDF icon' title=\"T\u00e9l\u00e9charger une copie PDF de l'article\"><\/a>        <\/div>\n        <a class='notes_toc_article_title_link' href='https:\/\/notes.math.ca\/fr\/article\/mathemattic-an-invitation-to-participate\/'>MathemAttic: An Invitation to Participate<\/a> <span class='notes_toc_author_name'>&mdash;&nbsp;Kseniya Garaschuk, Shawn Godin, John McLoughlin<\/span>      <\/div>\n    <\/div>\n    <div class='notes_toc_article'>\n      <div class='notes_toc_section_name'>Contributed Articles<\/div>\n      <div class='notes_toc_article_row'>\n        <div class='notes_toc_article_pdf'>\n<a href='https:\/\/notes.math.ca\/wp-content\/uploads\/2022\/03\/A-Letter-to-Future-CMS-Meeting-Organizers-CMS-Notes.pdf' title='Cliquer ici pour t\u00e9l\u00e9charger une copie PDF de l\u2019article'><img class='pdficon' style='height: 32px;' src='\/wp-content\/uploads\/2019\/12\/PDF-download.png' alt='PDF icon' title=\"T\u00e9l\u00e9charger une copie PDF de l'article\"><\/a>        <\/div>\n        <a class='notes_toc_article_title_link' href='https:\/\/notes.math.ca\/fr\/article\/a-letter-to-future-cms-meeting-organizers\/'>A Letter to Future CMS Meeting Organizers<\/a> <span class='notes_toc_author_name'>&mdash;&nbsp;Nilima Nigam<\/span>      <\/div>\n    <\/div>\n    <div class='notes_toc_article'>\n      <div class='notes_toc_section_name'>Appel de candidatures<\/div>\n      <div class='notes_toc_article_row'>\n        <div class='notes_toc_article_pdf'>\n<a href='https:\/\/notes.math.ca\/wp-content\/uploads\/2022\/03\/Cathleen-Synge-MorawetzFR-2.pdf' title='Cliquer ici pour t\u00e9l\u00e9charger une copie PDF de l\u2019article'><img class='pdficon' style='height: 32px;' src='\/wp-content\/uploads\/2019\/12\/PDF-download.png' alt='PDF icon' title=\"T\u00e9l\u00e9charger une copie PDF de l'article\"><\/a>        <\/div>\n        <a class='notes_toc_article_title_link' href='https:\/\/notes.math.ca\/fr\/article\/appel-2023-prix-cathleen-synge-morawetz\/'>Appel de candidatures : Prix Cathleen Synge Morawetz 2023<\/a>      <\/div>\n    <\/div>\n    <div class='notes_toc_article'>\n      <div class='notes_toc_article_row'>\n        <div class='notes_toc_article_pdf'>\n<a href='https:\/\/notes.math.ca\/wp-content\/uploads\/2022\/03\/Krieger-NelsonFR.pdf' title='Cliquer ici pour t\u00e9l\u00e9charger une copie PDF de l\u2019article'><img class='pdficon' style='height: 32px;' src='\/wp-content\/uploads\/2019\/12\/PDF-download.png' alt='PDF icon' title=\"T\u00e9l\u00e9charger une copie PDF de l'article\"><\/a>        <\/div>\n        <a class='notes_toc_article_title_link' href='https:\/\/notes.math.ca\/fr\/article\/call-for-nominations-2023-krieger-nelson-prize\/'>Appel de candidatures : Prix Krieger-Nelson 2023<\/a>      <\/div>\n    <\/div>\n    <div class='notes_toc_article'>\n      <div class='notes_toc_article_row'>\n        <div class='notes_toc_article_pdf'>\n<a href='https:\/\/notes.math.ca\/wp-content\/uploads\/2022\/03\/Jeffery-WilliamsFR.pdf' title='Cliquer ici pour t\u00e9l\u00e9charger une copie PDF de l\u2019article'><img class='pdficon' style='height: 32px;' src='\/wp-content\/uploads\/2019\/12\/PDF-download.png' alt='PDF icon' title=\"T\u00e9l\u00e9charger une copie PDF de l'article\"><\/a>        <\/div>\n        <a class='notes_toc_article_title_link' href='https:\/\/notes.math.ca\/fr\/article\/call-for-nominations-2023-jeffery-williams-prize\/'>Appel de candidatures : Prix Jeffery-Williams 2023<\/a>      <\/div>\n    <\/div>\n    <div class='notes_toc_article'>\n      <div class='notes_toc_article_row'>\n        <div class='notes_toc_article_pdf'>\n<a href='https:\/\/notes.math.ca\/wp-content\/uploads\/2022\/02\/Graham-WrightFR.pdf' title='Cliquer ici pour t\u00e9l\u00e9charger une copie PDF de l\u2019article'><img class='pdficon' style='height: 32px;' src='\/wp-content\/uploads\/2019\/12\/PDF-download.png' alt='PDF icon' title=\"T\u00e9l\u00e9charger une copie PDF de l'article\"><\/a>        <\/div>\n        <a class='notes_toc_article_title_link' href='https:\/\/notes.math.ca\/fr\/article\/appel-de-candidatures-prix-graham-wright-2022\/'>Appel de candidatures : Prix Graham Wright 2022<\/a>      <\/div>\n    <\/div>\n    <div class='notes_toc_article'>\n      <div class='notes_toc_article_row'>\n        <div class='notes_toc_article_pdf'>\n<a href='https:\/\/notes.math.ca\/wp-content\/uploads\/2022\/03\/Coxeter-JamesFR-1.pdf' title='Cliquer ici pour t\u00e9l\u00e9charger une copie PDF de l\u2019article'><img class='pdficon' style='height: 32px;' src='\/wp-content\/uploads\/2019\/12\/PDF-download.png' alt='PDF icon' title=\"T\u00e9l\u00e9charger une copie PDF de l'article\"><\/a>        <\/div>\n        <a class='notes_toc_article_title_link' href='https:\/\/notes.math.ca\/fr\/article\/call-for-nominations-2023-coxeter-james-prize\/'>Appel de candidatures : Prix Coxeter-James 2023<\/a>      <\/div>\n    <\/div>\n    <div class='notes_toc_article'>\n      <div class='notes_toc_article_row'>\n        <div class='notes_toc_article_pdf'>\n<a href='https:\/\/notes.math.ca\/wp-content\/uploads\/2022\/02\/Fellows-SMC-FR.pdf' title='Cliquer ici pour t\u00e9l\u00e9charger une copie PDF de l\u2019article'><img class='pdficon' style='height: 32px;' src='\/wp-content\/uploads\/2019\/12\/PDF-download.png' alt='PDF icon' title=\"T\u00e9l\u00e9charger une copie PDF de l'article\"><\/a>        <\/div>\n        <a class='notes_toc_article_title_link' href='https:\/\/notes.math.ca\/fr\/article\/appel-de-candidatures-fellows-de-la-smc\/'>Appel de candidatures : Fellows de la SMC<\/a>      <\/div>\n    <\/div>\n    <div class='notes_toc_article'>\n      <div class='notes_toc_article_row'>\n        <div class='notes_toc_article_pdf'>\n<a href='https:\/\/notes.math.ca\/wp-content\/uploads\/2022\/02\/Adrien-PouliotFR.pdf' title='Cliquer ici pour t\u00e9l\u00e9charger une copie PDF de l\u2019article'><img class='pdficon' style='height: 32px;' src='\/wp-content\/uploads\/2019\/12\/PDF-download.png' alt='PDF icon' title=\"T\u00e9l\u00e9charger une copie PDF de l'article\"><\/a>        <\/div>\n        <a class='notes_toc_article_title_link' href='https:\/\/notes.math.ca\/fr\/article\/call-for-nominations-2022-adrien-pouliot-award\/'>Appel de candidatures : Prix Adrien Pouliot 2022<\/a>      <\/div>\n    <\/div>\n    <div class='notes_toc_article'>\n      <div class='notes_toc_section_name'>R\u00e9unions de la SMC<\/div>\n      <div class='notes_toc_article_row'>\n        <div class='notes_toc_article_pdf'>\n<a href='https:\/\/notes.math.ca\/wp-content\/uploads\/2022\/03\/reunion-ete-smc.pdf' title='Cliquer ici pour t\u00e9l\u00e9charger une copie PDF de l\u2019article'><img class='pdficon' style='height: 32px;' src='\/wp-content\/uploads\/2019\/12\/PDF-download.png' alt='PDF icon' title=\"T\u00e9l\u00e9charger une copie PDF de l'article\"><\/a>        <\/div>\n        <a class='notes_toc_article_title_link' href='https:\/\/notes.math.ca\/fr\/article\/reunion-dete-de-la-smc-2022\/'>R\u00e9union d'\u00e9t\u00e9 de la SMC 2022<\/a>      <\/div>\n    <\/div>\n    <div class='notes_toc_article'>\n      <div class='notes_toc_section_name'>Appels de propositions<\/div>\n      <div class='notes_toc_article_row'>\n        <div class='notes_toc_article_pdf'>\n<a href='https:\/\/notes.math.ca\/wp-content\/uploads\/2022\/03\/Call-for-Speakers-22-SMtg-Sessions-1-1.pdf' title='Cliquer ici pour t\u00e9l\u00e9charger une copie PDF de l\u2019article'><img class='pdficon' style='height: 32px;' src='\/wp-content\/uploads\/2019\/12\/PDF-download.png' alt='PDF icon' title=\"T\u00e9l\u00e9charger une copie PDF de l'article\"><\/a>        <\/div>\n        <a class='notes_toc_article_title_link' href='https:\/\/notes.math.ca\/fr\/article\/call-for-speakers-at-2022-summer-meeting-sessions\/'>Appel aux conf\u00e9renciers pour les sessions de la R\u00e9union d\u2019\u00e9t\u00e9 2022 de la SMC<\/a>      <\/div>\n    <\/div>\n    <div class='notes_toc_article'>\n      <div class='notes_toc_section_name'>Appels de propositions de sessions<\/div>\n      <div class='notes_toc_article_row'>\n        <div class='notes_toc_article_pdf'>\n<a href='https:\/\/notes.math.ca\/wp-content\/uploads\/2022\/02\/Appel-de-sessions-ete-2022.pdf' title='Cliquer ici pour t\u00e9l\u00e9charger une copie PDF de l\u2019article'><img class='pdficon' style='height: 32px;' src='\/wp-content\/uploads\/2019\/12\/PDF-download.png' alt='PDF icon' title=\"T\u00e9l\u00e9charger une copie PDF de l'article\"><\/a>        <\/div>\n        <a class='notes_toc_article_title_link' href='https:\/\/notes.math.ca\/fr\/article\/appel-de-sessions-ete-2022\/'>Appel de sessions \u00e9t\u00e9 2022<\/a>      <\/div>\n    <\/div>\n    <div class='notes_toc_article'>\n      <div class='notes_toc_section_name'>Obituaries<\/div>\n      <div class='notes_toc_article_row'>\n        <div class='notes_toc_article_pdf'>\n<a href='https:\/\/notes.math.ca\/wp-content\/uploads\/2022\/03\/A-Tribute-to-Bruce-Shawyer-CMS-Notes.pdf' title='Cliquer ici pour t\u00e9l\u00e9charger une copie PDF de l\u2019article'><img class='pdficon' style='height: 32px;' src='\/wp-content\/uploads\/2019\/12\/PDF-download.png' alt='PDF icon' title=\"T\u00e9l\u00e9charger une copie PDF de l'article\"><\/a>        <\/div>\n        <a class='notes_toc_article_title_link' href='https:\/\/notes.math.ca\/fr\/article\/a-tribute-to-bruce-shawyer\/'>A Tribute to Bruce Shawyer<\/a> <span class='notes_toc_author_name'>&mdash;&nbsp;David Wehlau<\/span>      <\/div>\n    <\/div>\n    <div class='notes_toc_article'>\n      <div class='notes_toc_section_name'>\u00c9quipe \u00e9ditoriale<\/div>\n      <div class='notes_toc_article_row'>\n        <div class='notes_toc_article_pdf'>\n<a href='https:\/\/notes.math.ca\/wp-content\/uploads\/2022\/02\/Equipe-Editoriale.pdf' title='Cliquer ici pour t\u00e9l\u00e9charger une copie PDF de l\u2019article'><img class='pdficon' style='height: 32px;' src='\/wp-content\/uploads\/2019\/12\/PDF-download.png' alt='PDF icon' title=\"T\u00e9l\u00e9charger une copie PDF de l'article\"><\/a>        <\/div>\n        <a class='notes_toc_article_title_link' href='https:\/\/notes.math.ca\/fr\/article\/editorial-team-12\/'>\u00c9quipe \u00e9ditoriale<\/a>      <\/div>\n    <\/div>\n<\/div>\n<\/div>\n<div class='notes_toc_bottom_fade'><\/div>\n<\/div>\n<\/div>\n\t\t\t\t\t\t<\/div>\n\t\t\t\t<\/div>\n\t\t\t\t\t<\/div>\n\t\t<\/div>\n\t\t\t\t\t<\/div>\n\t\t<\/section>\n\t\t\t\t<\/div>\n\t\t","protected":false},"parent":0,"menu_order":0,"template":"","class_list":["post-12344","issue","type-issue","status-publish","hentry"],"toolset-meta":{"field-group-for-issues":{"volume-number":{"type":"numeric","raw":"54"},"issue-number":{"type":"numeric","raw":"2"},"issue-month-number":{"type":"numeric","raw":"3"},"embargo-date":{"type":"date","raw":"","formatted":null},"issue-pdf":{"type":"file","raw":"https:\/\/notes.math.ca\/wp-content\/uploads\/2022\/02\/DesEquilibrer-la-recherche-mathematique-et-lenseignement-a-distance-dans-lere-de-la-COVID-Notes-de-la-SMC-1.pdf","attachment_id":12817}}},"_links":{"self":[{"href":"https:\/\/notes.math.ca\/fr\/wp-json\/wp\/v2\/issue\/12344","targetHints":{"allow":["GET"]}}],"collection":[{"href":"https:\/\/notes.math.ca\/fr\/wp-json\/wp\/v2\/issue"}],"about":[{"href":"https:\/\/notes.math.ca\/fr\/wp-json\/wp\/v2\/types\/issue"}],"version-history":[{"count":4,"href":"https:\/\/notes.math.ca\/fr\/wp-json\/wp\/v2\/issue\/12344\/revisions"}],"predecessor-version":[{"id":12348,"href":"https:\/\/notes.math.ca\/fr\/wp-json\/wp\/v2\/issue\/12344\/revisions\/12348"}],"wp:attachment":[{"href":"https:\/\/notes.math.ca\/fr\/wp-json\/wp\/v2\/media?parent=12344"}],"curies":[{"name":"wp","href":"https:\/\/api.w.org\/{rel}","templated":true}]}}