{"id":19446,"date":"2025-06-26T13:29:03","date_gmt":"2025-06-26T17:29:03","guid":{"rendered":"https:\/\/notes.math.ca\/?post_type=issue&#038;p=19446"},"modified":"2025-09-12T12:08:38","modified_gmt":"2025-09-12T16:08:38","slug":"57-3-juin-2025","status":"publish","type":"issue","link":"https:\/\/notes.math.ca\/fr\/numero\/57-3-juin-2025\/","title":{"rendered":"57-3 Juin 2025"},"content":{"rendered":"\t\t<div data-elementor-type=\"wp-post\" data-elementor-id=\"19446\" class=\"elementor elementor-19446 elementor-19440\" data-elementor-post-type=\"issue\">\n\t\t\t\t\t\t<section class=\"elementor-section elementor-top-section elementor-element elementor-element-a88ca2a elementor-section-boxed elementor-section-height-default elementor-section-height-default\" data-id=\"a88ca2a\" data-element_type=\"section\">\n\t\t\t\t\t\t<div class=\"elementor-container elementor-column-gap-default\">\n\t\t\t\t\t<div class=\"elementor-column elementor-col-100 elementor-top-column elementor-element elementor-element-6bbba1a\" data-id=\"6bbba1a\" data-element_type=\"column\">\n\t\t\t<div class=\"elementor-widget-wrap elementor-element-populated\">\n\t\t\t\t\t\t<div class=\"elementor-element elementor-element-dea35c0 elementor-headline--style-highlight elementor-widget elementor-widget-animated-headline\" data-id=\"dea35c0\" data-element_type=\"widget\" data-settings=\"{&quot;highlighted_text&quot;:&quot;juin&quot;,&quot;headline_style&quot;:&quot;highlight&quot;,&quot;marker&quot;:&quot;circle&quot;,&quot;loop&quot;:&quot;yes&quot;,&quot;highlight_animation_duration&quot;:1200,&quot;highlight_iteration_delay&quot;:8000}\" data-widget_type=\"animated-headline.default\">\n\t\t\t\t<div class=\"elementor-widget-container\">\n\t\t\t\t\t\t\t<h3 class=\"elementor-headline\">\n\t\t\t\t\t<span class=\"elementor-headline-plain-text elementor-headline-text-wrapper\">Bienvenue \u00e0 l'\u00e9dition du mois de<\/span>\n\t\t\t\t<span class=\"elementor-headline-dynamic-wrapper elementor-headline-text-wrapper\">\n\t\t\t\t\t<span class=\"elementor-headline-dynamic-text elementor-headline-text-active\">juin<\/span>\n\t\t\t\t<\/span>\n\t\t\t\t\t<span class=\"elementor-headline-plain-text elementor-headline-text-wrapper\">des Notes de la SMC<\/span>\n\t\t\t\t\t<\/h3>\n\t\t\t\t\t\t<\/div>\n\t\t\t\t<\/div>\n\t\t\t\t\t<\/div>\n\t\t<\/div>\n\t\t\t\t\t<\/div>\n\t\t<\/section>\n\t\t\t\t<section class=\"elementor-section elementor-top-section elementor-element elementor-element-e2d4312 elementor-section-boxed elementor-section-height-default elementor-section-height-default\" data-id=\"e2d4312\" data-element_type=\"section\">\n\t\t\t\t\t\t<div class=\"elementor-container elementor-column-gap-default\">\n\t\t\t\t\t<div class=\"elementor-column elementor-col-100 elementor-top-column elementor-element elementor-element-182294c\" data-id=\"182294c\" data-element_type=\"column\">\n\t\t\t<div class=\"elementor-widget-wrap elementor-element-populated\">\n\t\t\t\t\t\t<div class=\"elementor-element elementor-element-156fd7c elementor-widget elementor-widget-shortcode\" data-id=\"156fd7c\" data-element_type=\"widget\" data-widget_type=\"shortcode.default\">\n\t\t\t\t<div class=\"elementor-widget-container\">\n\t\t\t\t\t\t\t<div class=\"elementor-shortcode\"><div class='notes_render_toc notes_noprint notes_toc_style_1' style='' id='notes_toc'>\n<div class='notes_toc_top_fade'><\/div>\n<div class='notes_toc_top_bar'>\n  <div class='notes_toc_title'>Table des mati\u00e8res<\/div>\n  <div class='notes_toc_issuedata'>\nJuin&nbsp;2025 : tome&nbsp;57,&nbsp;no.&nbsp;3  <div class='notes_toc_issue_pdf'>\n    <a href='https:\/\/notes.math.ca\/wp-content\/uploads\/2025\/06\/June-Notes_compressed_compressed_compressed-1.pdf'><img class='pdficon' style='height: 48px;' src='\/wp-content\/uploads\/2019\/12\/PDF-download.png' alt='PDF icon' title=\"T\u00e9l\u00e9charger une copie PDF du num\u00e9ro au complet\"><\/a>\n  <\/div>\n  <\/div>\n<\/div>\n<div class='notes_clearboth notes_topborder'><\/div>\n<div class='notes_toc_body'>\n  <div class='notes_toc_articles'>\n    <div class='notes_toc_article'>\n      <div class='notes_toc_section_name'>Article de couverture<\/div>\n      <div class='notes_toc_article_row'>\n        <div class='notes_toc_article_pdf'>\n<a href='https:\/\/notes.math.ca\/wp-content\/uploads\/2025\/05\/2-Les-etudes-superieures-a-lUniversite-Concordia-de-Montreal-malgre-des-montagnes-russes-de-politiques-\u2013-Notes-de-la-SMC.pdf' title='Cliquer ici pour t\u00e9l\u00e9charger une copie PDF de l\u2019article'><img class='pdficon' style='height: 32px;' src='\/wp-content\/uploads\/2019\/12\/PDF-download.png' alt='PDF icon' title=\"T\u00e9l\u00e9charger une copie PDF de l'article\"><\/a>        <\/div>\n        <a class='notes_toc_article_title_link' href='https:\/\/notes.math.ca\/fr\/article\/les-etudes-superieures-a-luniversite-concordia-de-montreal-malgre-des-montagnes-russes-de-politiques\/'>Les \u00e9tudes sup\u00e9rieures \u00e0 l'Universit\u00e9 Concordia de Montr\u00e9al malgr\u00e9 des montagnes russes de politiques<\/a> <span class='notes_toc_author_name'>&mdash;&nbsp;Alina Stancu<\/span>      <\/div>\n    <\/div>\n    <div class='notes_toc_article'>\n      <div class='notes_toc_section_name'>\u00c9ditorial<\/div>\n      <div class='notes_toc_article_row'>\n        <div class='notes_toc_article_pdf'>\n<a href='https:\/\/notes.math.ca\/wp-content\/uploads\/2025\/06\/4-Inanna-et-les-algebres-\u2013-Notes-de-la-SMC.pdf' title='Cliquer ici pour t\u00e9l\u00e9charger une copie PDF de l\u2019article'><img class='pdficon' style='height: 32px;' src='\/wp-content\/uploads\/2019\/12\/PDF-download.png' alt='PDF icon' title=\"T\u00e9l\u00e9charger une copie PDF de l'article\"><\/a>        <\/div>\n        <a class='notes_toc_article_title_link' href='https:\/\/notes.math.ca\/fr\/article\/inanna-et-les-algebres\/'>Inanna et les alg\u00e8bres<\/a> <span class='notes_toc_author_name'>&mdash;&nbsp;Robert Dawson<\/span>      <\/div>\n    <\/div>\n    <div class='notes_toc_article'>\n      <div class='notes_toc_section_name'>Notes p\u00e9dagogiques<\/div>\n      <div class='notes_toc_article_row'>\n        <div class='notes_toc_article_pdf'>\n<a href='https:\/\/notes.math.ca\/wp-content\/uploads\/2025\/06\/Sur-les-fonctions-inversibles-et-les-fonctions-en-general-\u2013-Notes-de-la-SMC.pdf' title='Cliquer ici pour t\u00e9l\u00e9charger une copie PDF de l\u2019article'><img class='pdficon' style='height: 32px;' src='\/wp-content\/uploads\/2019\/12\/PDF-download.png' alt='PDF icon' title=\"T\u00e9l\u00e9charger une copie PDF de l'article\"><\/a>        <\/div>\n        <a class='notes_toc_article_title_link' href='https:\/\/notes.math.ca\/fr\/article\/sur-les-fonctions-inversibles-et-les-fonctions-en-general\/'>Sur les fonctions inversibles et les fonctions en g\u00e9n\u00e9ral<\/a> <span class='notes_toc_author_name'>&mdash;&nbsp;Rina Zazkis<\/span>      <\/div>\n    <\/div>\n    <div class='notes_toc_article'>\n      <div class='notes_toc_article_row'>\n        <div class='notes_toc_article_pdf'>\n<a href='https:\/\/notes.math.ca\/wp-content\/uploads\/2025\/06\/8-Au-dela-des-fractions-_-la-ou-la-musique-et-les-mathematiques-se-rencontrent-\u2013-Notes-de-la-SMC.pdf' title='Cliquer ici pour t\u00e9l\u00e9charger une copie PDF de l\u2019article'><img class='pdficon' style='height: 32px;' src='\/wp-content\/uploads\/2019\/12\/PDF-download.png' alt='PDF icon' title=\"T\u00e9l\u00e9charger une copie PDF de l'article\"><\/a>        <\/div>\n        <a class='notes_toc_article_title_link' href='https:\/\/notes.math.ca\/fr\/article\/au-dela-des-fractions-la-ou-la-musique-et-les-mathematiques-se-rencontrent\/'>Au-del\u00e0 des fractions : l\u00e0 o\u00f9 la musique et les math\u00e9matiques se rencontrent<\/a> <span class='notes_toc_author_name'>&mdash;&nbsp;Sandra Elliott<\/span>      <\/div>\n    <\/div>\n    <div class='notes_toc_article'>\n      <div class='notes_toc_article_row'>\n        <div class='notes_toc_article_pdf'>\n<a href='https:\/\/notes.math.ca\/wp-content\/uploads\/2025\/06\/10-Lecons-de-cybersecurite-pour-la-pratique-educative-\u2013-Notes-de-la-SMC.pdf' title='Cliquer ici pour t\u00e9l\u00e9charger une copie PDF de l\u2019article'><img class='pdficon' style='height: 32px;' src='\/wp-content\/uploads\/2019\/12\/PDF-download.png' alt='PDF icon' title=\"T\u00e9l\u00e9charger une copie PDF de l'article\"><\/a>        <\/div>\n        <a class='notes_toc_article_title_link' href='https:\/\/notes.math.ca\/fr\/article\/lecons-de-cybersecurite-pour-la-pratique-educative\/'>Le\u00e7ons de cybers\u00e9curit\u00e9 pour la pratique \u00e9ducative<\/a> <span class='notes_toc_author_name'>&mdash;&nbsp;Kseniya Garaschuk<\/span>      <\/div>\n    <\/div>\n    <div class='notes_toc_article'>\n      <div class='notes_toc_article_row'>\n        <div class='notes_toc_article_pdf'>\n<a href='https:\/\/notes.math.ca\/wp-content\/uploads\/2025\/05\/11-Fearing-for-Financial-Literacy-\u2013-CMS-Notes.pdf' title='Cliquer ici pour t\u00e9l\u00e9charger une copie PDF de l\u2019article'><img class='pdficon' style='height: 32px;' src='\/wp-content\/uploads\/2019\/12\/PDF-download.png' alt='PDF icon' title=\"T\u00e9l\u00e9charger une copie PDF de l'article\"><\/a>        <\/div>\n        <a class='notes_toc_article_title_link' href='https:\/\/notes.math.ca\/fr\/article\/craindre-pour-la-litteratie-financiere\/'>Craindre pour la litt\u00e9ratie financi\u00e8re<\/a> <span class='notes_toc_author_name'>&mdash;&nbsp;Egan J Chernoff<\/span>      <\/div>\n    <\/div>\n    <div class='notes_toc_article'>\n      <div class='notes_toc_section_name'>Notes de la SCHPM<\/div>\n      <div class='notes_toc_article_row'>\n        <div class='notes_toc_article_pdf'>\n<a href='https:\/\/notes.math.ca\/wp-content\/uploads\/2025\/06\/14-Une-aventure-ethnomathematique-a-Rapa-Nui-\u2013-Notes-de-la-SMC_compressed.pdf' title='Cliquer ici pour t\u00e9l\u00e9charger une copie PDF de l\u2019article'><img class='pdficon' style='height: 32px;' src='\/wp-content\/uploads\/2019\/12\/PDF-download.png' alt='PDF icon' title=\"T\u00e9l\u00e9charger une copie PDF de l'article\"><\/a>        <\/div>\n        <a class='notes_toc_article_title_link' href='https:\/\/notes.math.ca\/fr\/article\/une-aventure-ethnomathematique-a-rapa-nui\/'>Une aventure ethnomath\u00e9matique \u00e0 Rapa Nui<\/a> <span class='notes_toc_author_name'>&mdash;&nbsp;Ximena Catepill\u00e1n, Cynthia Huffman<\/span>      <\/div>\n    <\/div>\n    <div class='notes_toc_article'>\n      <div class='notes_toc_section_name'>MOSAIC<\/div>\n      <div class='notes_toc_article_row'>\n        <div class='notes_toc_article_pdf'>\n<a href='https:\/\/notes.math.ca\/wp-content\/uploads\/2025\/05\/15-Conferences-for-humans-\u2013-CMS-Notes_compressed.pdf' title='Cliquer ici pour t\u00e9l\u00e9charger une copie PDF de l\u2019article'><img class='pdficon' style='height: 32px;' src='\/wp-content\/uploads\/2019\/12\/PDF-download.png' alt='PDF icon' title=\"T\u00e9l\u00e9charger une copie PDF de l'article\"><\/a>        <\/div>\n        <a class='notes_toc_article_title_link' href='https:\/\/notes.math.ca\/fr\/article\/conferences-pour-les-humains\/'>Conf\u00e9rences pour les humains<\/a> <span class='notes_toc_author_name'>&mdash;&nbsp;Alia Hamieh, Habiba Kadiri, Greg Martin, Nathan Ng<\/span>      <\/div>\n    <\/div>\n    <div class='notes_toc_article'>\n      <div class='notes_toc_section_name'>Concours<\/div>\n      <div class='notes_toc_article_row'>\n        <div class='notes_toc_article_pdf'>\n<a href='https:\/\/notes.math.ca\/wp-content\/uploads\/2025\/06\/Recit-de-voyage-de-lOEMF-2025-\u2013-Notes-de-la-SMC_compressed.pdf' title='Cliquer ici pour t\u00e9l\u00e9charger une copie PDF de l\u2019article'><img class='pdficon' style='height: 32px;' src='\/wp-content\/uploads\/2019\/12\/PDF-download.png' alt='PDF icon' title=\"T\u00e9l\u00e9charger une copie PDF de l'article\"><\/a>        <\/div>\n        <a class='notes_toc_article_title_link' href='https:\/\/notes.math.ca\/fr\/article\/recit-de-voyage-de-loemf-2025\/'>R\u00e9cit de voyage de l'OEMF 2025<\/a>      <\/div>\n    <\/div>\n    <div class='notes_toc_article'>\n      <div class='notes_toc_section_name'>Annonces<\/div>\n      <div class='notes_toc_article_row'>\n        <div class='notes_toc_article_pdf'>\n<a href='https:\/\/notes.math.ca\/wp-content\/uploads\/2025\/06\/En-memoire-de-Robert-Woodrow-\u2013-Notes-de-la-SMC.pdf' title='Cliquer ici pour t\u00e9l\u00e9charger une copie PDF de l\u2019article'><img class='pdficon' style='height: 32px;' src='\/wp-content\/uploads\/2019\/12\/PDF-download.png' alt='PDF icon' title=\"T\u00e9l\u00e9charger une copie PDF de l'article\"><\/a>        <\/div>\n        <a class='notes_toc_article_title_link' href='https:\/\/notes.math.ca\/fr\/article\/en-memoire-de-robert-woodrow\/'>En m\u00e9moire de Robert Woodrow<\/a>      <\/div>\n    <\/div>\n    <div class='notes_toc_article'>\n      <div class='notes_toc_section_name'>Appel de candidatures<\/div>\n      <div class='notes_toc_article_row'>\n        <div class='notes_toc_article_pdf'>\n<a href='https:\/\/notes.math.ca\/wp-content\/uploads\/2025\/06\/Appel-aux-mises-en-candidature-_-Prix-de-recherche-2026-\u2013-Notes-de-la-SMC-1.pdf' title='Cliquer ici pour t\u00e9l\u00e9charger une copie PDF de l\u2019article'><img class='pdficon' style='height: 32px;' src='\/wp-content\/uploads\/2019\/12\/PDF-download.png' alt='PDF icon' title=\"T\u00e9l\u00e9charger une copie PDF de l'article\"><\/a>        <\/div>\n        <a class='notes_toc_article_title_link' href='https:\/\/notes.math.ca\/fr\/article\/appel-aux-mises-en-candidature-prix-de-recherche-2026\/'>Appel aux mises en candidature : Prix de recherche 2026<\/a>      <\/div>\n    <\/div>\n    <div class='notes_toc_article'>\n      <div class='notes_toc_article_row'>\n        <div class='notes_toc_article_pdf'>\n<a href='https:\/\/notes.math.ca\/wp-content\/uploads\/2025\/06\/18-Appel-aux-mises-en-candidature-_-Prix-David-Borwein-2026-\u2013-Notes-de-la-SMC.pdf' title='Cliquer ici pour t\u00e9l\u00e9charger une copie PDF de l\u2019article'><img class='pdficon' style='height: 32px;' src='\/wp-content\/uploads\/2019\/12\/PDF-download.png' alt='PDF icon' title=\"T\u00e9l\u00e9charger une copie PDF de l'article\"><\/a>        <\/div>\n        <a class='notes_toc_article_title_link' href='https:\/\/notes.math.ca\/fr\/article\/appel-aux-mises-en-candidature-prix-david-borwein-2026\/'>Appel aux mises en candidature : Prix David Borwein 2026<\/a>      <\/div>\n    <\/div>\n    <div class='notes_toc_article'>\n      <div class='notes_toc_article_row'>\n        <div class='notes_toc_article_pdf'>\n<a href='https:\/\/notes.math.ca\/wp-content\/uploads\/2025\/06\/Appel-aux-mises-en-nomination-_-Redacteur-en-chef-REC-Crux-Mathematicorum-\u2013-Notes-de-la-SMC.pdf' title='Cliquer ici pour t\u00e9l\u00e9charger une copie PDF de l\u2019article'><img class='pdficon' style='height: 32px;' src='\/wp-content\/uploads\/2019\/12\/PDF-download.png' alt='PDF icon' title=\"T\u00e9l\u00e9charger une copie PDF de l'article\"><\/a>        <\/div>\n        <a class='notes_toc_article_title_link' href='https:\/\/notes.math.ca\/fr\/article\/appel-aux-mises-en-nomination-redacteur-en-chef-rec-crux-mathematicorum-3\/'>Appel aux mises en nomination : R\u00e9dacteur en chef (REC), Crux Mathematicorum<\/a>      <\/div>\n    <\/div>\n    <div class='notes_toc_article'>\n      <div class='notes_toc_section_name'>R\u00e9unions de la SMC<\/div>\n      <div class='notes_toc_article_row'>\n        <div class='notes_toc_article_pdf'>\n<a href='https:\/\/notes.math.ca\/wp-content\/uploads\/2025\/05\/Reunion-dhiver-2025-de-la-SMC-_-Reservez-la-date-\u2013-Notes-de-la-SMC.pdf' title='Cliquer ici pour t\u00e9l\u00e9charger une copie PDF de l\u2019article'><img class='pdficon' style='height: 32px;' src='\/wp-content\/uploads\/2019\/12\/PDF-download.png' alt='PDF icon' title=\"T\u00e9l\u00e9charger une copie PDF de l'article\"><\/a>        <\/div>\n        <a class='notes_toc_article_title_link' href='https:\/\/notes.math.ca\/fr\/article\/reunion-dhiver-2025-de-la-smc-reservez-la-date-2\/'>R\u00e9union d\u2019hiver 2025 de la SMC | R\u00e9servez la date !<\/a>      <\/div>\n    <\/div>\n    <div class='notes_toc_article'>\n      <div class='notes_toc_article_row'>\n        <div class='notes_toc_article_pdf'>\n<a href='https:\/\/notes.math.ca\/wp-content\/uploads\/2025\/05\/Reunion-dhiver-2025-de-la-SMC-_-Appel-aux-sessions-deducation-\u2013-Notes-de-la-SMC.pdf' title='Cliquer ici pour t\u00e9l\u00e9charger une copie PDF de l\u2019article'><img class='pdficon' style='height: 32px;' src='\/wp-content\/uploads\/2019\/12\/PDF-download.png' alt='PDF icon' title=\"T\u00e9l\u00e9charger une copie PDF de l'article\"><\/a>        <\/div>\n        <a class='notes_toc_article_title_link' href='https:\/\/notes.math.ca\/fr\/article\/reunion-dhiver-2025-de-la-smc-appel-aux-sessions-deducation\/'>R\u00e9union d\u2019hiver 2025 de la SMC | Appel aux sessions d\u2019\u00e9ducation<\/a>      <\/div>\n    <\/div>\n    <div class='notes_toc_article'>\n      <div class='notes_toc_article_row'>\n        <div class='notes_toc_article_pdf'>\n<a href='https:\/\/notes.math.ca\/wp-content\/uploads\/2025\/05\/Reunion-dhiver-2025-de-la-SMC-_-Appel-aux-sessions-scientifiques-\u2013-Notes-de-la-SMC.pdf' title='Cliquer ici pour t\u00e9l\u00e9charger une copie PDF de l\u2019article'><img class='pdficon' style='height: 32px;' src='\/wp-content\/uploads\/2019\/12\/PDF-download.png' alt='PDF icon' title=\"T\u00e9l\u00e9charger une copie PDF de l'article\"><\/a>        <\/div>\n        <a class='notes_toc_article_title_link' href='https:\/\/notes.math.ca\/fr\/article\/reunion-dhiver-2025-de-la-smc-appel-aux-sessions-scientifiques\/'>R\u00e9union d\u2019hiver 2025 de la SMC | Appel aux sessions scientifiques<\/a>      <\/div>\n    <\/div>\n    <div class='notes_toc_article'>\n      <div class='notes_toc_article_row'>\n        <div class='notes_toc_article_pdf'>\n<a href='https:\/\/notes.math.ca\/wp-content\/uploads\/2025\/06\/Appel-aux-propositions-de-presentation-pour-la-reunion-MathEd-de-la-SMC-en-ligne-\u2013-Notes-de-la-SMC.pdf' title='Cliquer ici pour t\u00e9l\u00e9charger une copie PDF de l\u2019article'><img class='pdficon' style='height: 32px;' src='\/wp-content\/uploads\/2019\/12\/PDF-download.png' alt='PDF icon' title=\"T\u00e9l\u00e9charger une copie PDF de l'article\"><\/a>        <\/div>\n        <a class='notes_toc_article_title_link' href='https:\/\/notes.math.ca\/fr\/article\/appel-aux-propositions-de-presentation-pour-la-reunion-mathed-de-la-smc-en-ligne\/'>Appel aux propositions de pr\u00e9sentation pour la r\u00e9union MathEd de la SMC (en ligne)<\/a>      <\/div>\n    <\/div>\n    <div class='notes_toc_article'>\n      <div class='notes_toc_section_name'>CMS Student Committee<\/div>\n      <div class='notes_toc_article_row'>\n        <div class='notes_toc_article_pdf'>\n<a href='https:\/\/notes.math.ca\/wp-content\/uploads\/2025\/06\/Connect-with-us-on-Discord-\u2013-CMS-Notes.pdf' title='Cliquer ici pour t\u00e9l\u00e9charger une copie PDF de l\u2019article'><img class='pdficon' style='height: 32px;' src='\/wp-content\/uploads\/2019\/12\/PDF-download.png' alt='PDF icon' title=\"T\u00e9l\u00e9charger une copie PDF de l'article\"><\/a>        <\/div>\n        <a class='notes_toc_article_title_link' href='https:\/\/notes.math.ca\/fr\/article\/connect-with-us-on-discord-3\/'>Connect with us on Discord!<\/a> <span class='notes_toc_author_name'>&mdash;&nbsp;CMS Student Committee<\/span>      <\/div>\n    <\/div>\n<\/div>\n<\/div>\n<div class='notes_toc_bottom_fade'><\/div>\n<\/div>\n<\/div>\n\t\t\t\t\t\t<\/div>\n\t\t\t\t<\/div>\n\t\t\t\t\t<\/div>\n\t\t<\/div>\n\t\t\t\t\t<\/div>\n\t\t<\/section>\n\t\t\t\t<\/div>\n\t\t","protected":false},"parent":0,"menu_order":0,"template":"","class_list":["post-19446","issue","type-issue","status-publish","hentry"],"toolset-meta":{"field-group-for-issues":{"volume-number":{"type":"numeric","raw":"57"},"issue-number":{"type":"numeric","raw":"3"},"issue-month-number":{"type":"numeric","raw":"6"},"embargo-date":{"type":"date","raw":"","formatted":null},"issue-pdf":{"type":"file","raw":"https:\/\/notes.math.ca\/wp-content\/uploads\/2025\/06\/June-Notes_compressed_compressed_compressed-1.pdf","attachment_id":20042}}},"_links":{"self":[{"href":"https:\/\/notes.math.ca\/fr\/wp-json\/wp\/v2\/issue\/19446","targetHints":{"allow":["GET"]}}],"collection":[{"href":"https:\/\/notes.math.ca\/fr\/wp-json\/wp\/v2\/issue"}],"about":[{"href":"https:\/\/notes.math.ca\/fr\/wp-json\/wp\/v2\/types\/issue"}],"version-history":[{"count":4,"href":"https:\/\/notes.math.ca\/fr\/wp-json\/wp\/v2\/issue\/19446\/revisions"}],"predecessor-version":[{"id":19451,"href":"https:\/\/notes.math.ca\/fr\/wp-json\/wp\/v2\/issue\/19446\/revisions\/19451"}],"wp:attachment":[{"href":"https:\/\/notes.math.ca\/fr\/wp-json\/wp\/v2\/media?parent=19446"}],"curies":[{"name":"wp","href":"https:\/\/api.w.org\/{rel}","templated":true}]}}