{"id":5107,"date":"2020-06-29T14:11:20","date_gmt":"2020-06-29T18:11:20","guid":{"rendered":"https:\/\/notes.math.ca\/?post_type=issue&#038;p=5107"},"modified":"2020-09-30T15:29:08","modified_gmt":"2020-09-30T19:29:08","slug":"52-4-septembre-2020","status":"publish","type":"issue","link":"https:\/\/notes.math.ca\/fr\/numero\/52-4-septembre-2020\/","title":{"rendered":"52-4 septembre 2020"},"content":{"rendered":"\t\t<div data-elementor-type=\"wp-post\" data-elementor-id=\"5107\" class=\"elementor elementor-5107 elementor-5105\" data-elementor-post-type=\"issue\">\n\t\t\t\t\t\t<section class=\"elementor-section elementor-top-section elementor-element elementor-element-19f48497 elementor-section-boxed elementor-section-height-default elementor-section-height-default\" data-id=\"19f48497\" data-element_type=\"section\">\n\t\t\t\t\t\t<div class=\"elementor-container elementor-column-gap-default\">\n\t\t\t\t\t<div class=\"elementor-column elementor-col-100 elementor-top-column elementor-element elementor-element-5a11be30\" data-id=\"5a11be30\" data-element_type=\"column\">\n\t\t\t<div class=\"elementor-widget-wrap elementor-element-populated\">\n\t\t\t\t\t\t<div class=\"elementor-element elementor-element-13c9c65b elementor-headline--style-highlight elementor-widget elementor-widget-animated-headline\" data-id=\"13c9c65b\" data-element_type=\"widget\" data-settings=\"{&quot;marker&quot;:&quot;underline&quot;,&quot;highlighted_text&quot;:&quot;septembre 2020&quot;,&quot;headline_style&quot;:&quot;highlight&quot;,&quot;loop&quot;:&quot;yes&quot;,&quot;highlight_animation_duration&quot;:1200,&quot;highlight_iteration_delay&quot;:8000}\" data-widget_type=\"animated-headline.default\">\n\t\t\t\t<div class=\"elementor-widget-container\">\n\t\t\t\t\t\t\t<h3 class=\"elementor-headline\">\n\t\t\t\t\t<span class=\"elementor-headline-plain-text elementor-headline-text-wrapper\">Bienvenue au num\u00e9ro de<\/span>\n\t\t\t\t<span class=\"elementor-headline-dynamic-wrapper elementor-headline-text-wrapper\">\n\t\t\t\t\t<span class=\"elementor-headline-dynamic-text elementor-headline-text-active\">septembre 2020<\/span>\n\t\t\t\t<\/span>\n\t\t\t\t\t<span class=\"elementor-headline-plain-text elementor-headline-text-wrapper\">des Notes de la SMC<\/span>\n\t\t\t\t\t<\/h3>\n\t\t\t\t\t\t<\/div>\n\t\t\t\t<\/div>\n\t\t\t\t\t<\/div>\n\t\t<\/div>\n\t\t\t\t\t<\/div>\n\t\t<\/section>\n\t\t\t\t<section class=\"elementor-section elementor-top-section elementor-element elementor-element-75951f56 elementor-section-boxed elementor-section-height-default elementor-section-height-default\" data-id=\"75951f56\" data-element_type=\"section\">\n\t\t\t\t\t\t<div class=\"elementor-container elementor-column-gap-default\">\n\t\t\t\t\t<div class=\"elementor-column elementor-col-50 elementor-top-column elementor-element elementor-element-33b814ec\" data-id=\"33b814ec\" data-element_type=\"column\">\n\t\t\t<div class=\"elementor-widget-wrap elementor-element-populated\">\n\t\t\t\t\t\t<div class=\"elementor-element elementor-element-556a6f1b elementor-widget elementor-widget-shortcode\" data-id=\"556a6f1b\" data-element_type=\"widget\" id=\"notes_issue_page_toc\" data-widget_type=\"shortcode.default\">\n\t\t\t\t<div class=\"elementor-widget-container\">\n\t\t\t\t\t\t\t<div class=\"elementor-shortcode\"><div class='notes_render_toc notes_noprint notes_toc_style_1' style='' id='notes_toc'>\n<div class='notes_toc_top_fade'><\/div>\n<div class='notes_toc_top_bar'>\n  <div class='notes_toc_title'>Table des mati\u00e8res<\/div>\n  <div class='notes_toc_issuedata'>\nSeptembre&nbsp;2020 : tome&nbsp;52,&nbsp;no.&nbsp;4  <div class='notes_toc_issue_pdf'>\n    <a href='https:\/\/notes.math.ca\/wp-content\/uploads\/2020\/06\/NotesSeptembre-1.pdf'><img class='pdficon' style='height: 48px;' src='\/wp-content\/uploads\/2019\/12\/PDF-download.png' alt='PDF icon' title=\"T\u00e9l\u00e9charger une copie PDF du num\u00e9ro au complet\"><\/a>\n  <\/div>\n  <\/div>\n<\/div>\n<div class='notes_clearboth notes_topborder'><\/div>\n<div class='notes_toc_body'>\n  <div class='notes_toc_articles'>\n    <div class='notes_toc_article'>\n      <div class='notes_toc_section_name'>Article de couverture<\/div>\n      <div class='notes_toc_article_row'>\n        <div class='notes_toc_article_pdf'>\n<a href='https:\/\/notes.math.ca\/wp-content\/uploads\/2020\/07\/La-maison-canadienne-des-math\u00e9matiques-Notes-de-la-SMC.pdf' title='Cliquer ici pour t\u00e9l\u00e9charger une copie PDF de l\u2019article'><img class='pdficon' style='height: 32px;' src='\/wp-content\/uploads\/2019\/12\/PDF-download.png' alt='PDF icon' title=\"T\u00e9l\u00e9charger une copie PDF de l'article\"><\/a>        <\/div>\n        <a class='notes_toc_article_title_link' href='https:\/\/notes.math.ca\/fr\/article\/la-maison-canadienne-des-mathematiques\/'>La maison canadienne des math\u00e9matiques<\/a> <span class='notes_toc_author_name'>&mdash;&nbsp;Javad Mashreghi<\/span>      <\/div>\n    <\/div>\n    <div class='notes_toc_article'>\n      <div class='notes_toc_section_name'>\u00c9ditorial<\/div>\n      <div class='notes_toc_article_row'>\n        <div class='notes_toc_article_pdf'>\n<a href='https:\/\/notes.math.ca\/wp-content\/uploads\/2020\/07\/Vivre-en-des-temps-int\u00e9ressants-Notes-de-la-SMC.pdf' title='Cliquer ici pour t\u00e9l\u00e9charger une copie PDF de l\u2019article'><img class='pdficon' style='height: 32px;' src='\/wp-content\/uploads\/2019\/12\/PDF-download.png' alt='PDF icon' title=\"T\u00e9l\u00e9charger une copie PDF de l'article\"><\/a>        <\/div>\n        <a class='notes_toc_article_title_link' href='https:\/\/notes.math.ca\/fr\/article\/editorial-2\/'>Vivre en des temps int\u00e9ressants<\/a> <span class='notes_toc_author_name'>&mdash;&nbsp;Robert Dawson<\/span>      <\/div>\n    <\/div>\n    <div class='notes_toc_article'>\n      <div class='notes_toc_section_name'>Comptes rendus<\/div>\n      <div class='notes_toc_article_row'>\n        <div class='notes_toc_article_pdf'>\n<a href='https:\/\/notes.math.ca\/wp-content\/uploads\/2020\/08\/Brefs-comptes-rendus-Notes-de-la-SMC.pdf' title='Cliquer ici pour t\u00e9l\u00e9charger une copie PDF de l\u2019article'><img class='pdficon' style='height: 32px;' src='\/wp-content\/uploads\/2019\/12\/PDF-download.png' alt='PDF icon' title=\"T\u00e9l\u00e9charger une copie PDF de l'article\"><\/a>        <\/div>\n        <a class='notes_toc_article_title_link' href='https:\/\/notes.math.ca\/fr\/article\/brefs-comptes-rendus\/'>Brefs comptes rendus<\/a>      <\/div>\n    <\/div>\n    <div class='notes_toc_article'>\n      <div class='notes_toc_section_name'>Notes p\u00e9dagogiques<\/div>\n      <div class='notes_toc_article_row'>\n        <div class='notes_toc_article_pdf'>\n<a href='https:\/\/notes.math.ca\/wp-content\/uploads\/2020\/08\/No-We\u2019re-Not-There-Yet_-Teaching-Mathematics-at-the-Time-of-COVID-19-and-Beyond-CMS-Notes.pdf' title='Cliquer ici pour t\u00e9l\u00e9charger une copie PDF de l\u2019article'><img class='pdficon' style='height: 32px;' src='\/wp-content\/uploads\/2019\/12\/PDF-download.png' alt='PDF icon' title=\"T\u00e9l\u00e9charger une copie PDF de l'article\"><\/a>        <\/div>\n        <a class='notes_toc_article_title_link' href='https:\/\/notes.math.ca\/fr\/article\/no-were-not-there-yet-teaching-mathematics-at-the-time-of-covid-19-and-beyond\/'>No, We\u2019re Not There Yet: Teaching Mathematics at the Time of COVID-19 and Beyond<\/a> <span class='notes_toc_author_name'>&mdash;&nbsp;Kseniya Garaschuk and Veselin Jungic<\/span>      <\/div>\n    <\/div>\n    <div class='notes_toc_article'>\n      <div class='notes_toc_section_name'>Notes de la SCHPM<\/div>\n      <div class='notes_toc_article_row'>\n        <div class='notes_toc_article_pdf'>\n<a href='https:\/\/notes.math.ca\/wp-content\/uploads\/2020\/07\/Ada-Lovelace_-New-Light-on-her-Mathematics-Notes-de-la-SMC.pdf' title='Cliquer ici pour t\u00e9l\u00e9charger une copie PDF de l\u2019article'><img class='pdficon' style='height: 32px;' src='\/wp-content\/uploads\/2019\/12\/PDF-download.png' alt='PDF icon' title=\"T\u00e9l\u00e9charger une copie PDF de l'article\"><\/a>        <\/div>\n        <a class='notes_toc_article_title_link' href='https:\/\/notes.math.ca\/fr\/article\/ada-lovelace-new-light-on-her-mathematics\/'>Ada Lovelace: New Light on her Mathematics<\/a> <span class='notes_toc_author_name'>&mdash;&nbsp;Adrian Rice<\/span>      <\/div>\n    <\/div>\n    <div class='notes_toc_article'>\n      <div class='notes_toc_section_name'>Richard Kenneth Guy (1916-2020)<\/div>\n      <div class='notes_toc_article_row'>\n        <div class='notes_toc_article_pdf'>\n<a href='https:\/\/notes.math.ca\/wp-content\/uploads\/2020\/07\/Prologue-Notes-de-la-SMC-2.pdf' title='Cliquer ici pour t\u00e9l\u00e9charger une copie PDF de l\u2019article'><img class='pdficon' style='height: 32px;' src='\/wp-content\/uploads\/2019\/12\/PDF-download.png' alt='PDF icon' title=\"T\u00e9l\u00e9charger une copie PDF de l'article\"><\/a>        <\/div>\n        <a class='notes_toc_article_title_link' href='https:\/\/notes.math.ca\/fr\/article\/richard-kenneth-guy-1916-2020-a-calgary-perspective-on-his-contributions-to-mathematics-and-mentorship\/'>Prologue<\/a> <span class='notes_toc_author_name'>&mdash;&nbsp;R. Scheidler and R. Woodrow<\/span>      <\/div>\n    <\/div>\n    <div class='notes_toc_article'>\n      <div class='notes_toc_article_row'>\n        <div class='notes_toc_article_pdf'>\n<a href='https:\/\/notes.math.ca\/wp-content\/uploads\/2020\/07\/Richard-Guy-et-la-th\u00e9orie-des-jeux-Notes-de-la-SMC-5.pdf' title='Cliquer ici pour t\u00e9l\u00e9charger une copie PDF de l\u2019article'><img class='pdficon' style='height: 32px;' src='\/wp-content\/uploads\/2019\/12\/PDF-download.png' alt='PDF icon' title=\"T\u00e9l\u00e9charger une copie PDF de l'article\"><\/a>        <\/div>\n        <a class='notes_toc_article_title_link' href='https:\/\/notes.math.ca\/fr\/article\/richard-guy-and-game-theory\/'>Richard Guy et la th\u00e9orie des jeux<\/a> <span class='notes_toc_author_name'>&mdash;&nbsp;R. Nowakowski<\/span>      <\/div>\n    <\/div>\n    <div class='notes_toc_article'>\n      <div class='notes_toc_article_row'>\n        <div class='notes_toc_article_pdf'>\n<a href='https:\/\/notes.math.ca\/wp-content\/uploads\/2020\/07\/Richard-Guy-et-la-g\u00e9om\u00e9trie-Notes-de-la-SMC-2.pdf' title='Cliquer ici pour t\u00e9l\u00e9charger une copie PDF de l\u2019article'><img class='pdficon' style='height: 32px;' src='\/wp-content\/uploads\/2019\/12\/PDF-download.png' alt='PDF icon' title=\"T\u00e9l\u00e9charger une copie PDF de l'article\"><\/a>        <\/div>\n        <a class='notes_toc_article_title_link' href='https:\/\/notes.math.ca\/fr\/article\/richard-guy-and-geometry\/'>Richard Guy et la g\u00e9om\u00e9trie<\/a> <span class='notes_toc_author_name'>&mdash;&nbsp;T. Bisztriczky<\/span>      <\/div>\n    <\/div>\n    <div class='notes_toc_article'>\n      <div class='notes_toc_article_row'>\n        <div class='notes_toc_article_pdf'>\n<a href='https:\/\/notes.math.ca\/wp-content\/uploads\/2020\/07\/Richard-Guy-et-la-th\u00e9orie-des-nombres-Notes-de-la-SMC-1.pdf' title='Cliquer ici pour t\u00e9l\u00e9charger une copie PDF de l\u2019article'><img class='pdficon' style='height: 32px;' src='\/wp-content\/uploads\/2019\/12\/PDF-download.png' alt='PDF icon' title=\"T\u00e9l\u00e9charger une copie PDF de l'article\"><\/a>        <\/div>\n        <a class='notes_toc_article_title_link' href='https:\/\/notes.math.ca\/fr\/article\/richard-guy-and-number-theory\/'>Richard Guy et la th\u00e9orie des nombres<\/a> <span class='notes_toc_author_name'>&mdash;&nbsp;M. J. Jacobson Jr., R. Scheidler, H. C. Williams<\/span>      <\/div>\n    <\/div>\n    <div class='notes_toc_article'>\n      <div class='notes_toc_article_row'>\n        <div class='notes_toc_article_pdf'>\n<a href='https:\/\/notes.math.ca\/wp-content\/uploads\/2020\/07\/Richard-Guy-et-le-mentorat-Notes-de-la-SMC-2.pdf' title='Cliquer ici pour t\u00e9l\u00e9charger une copie PDF de l\u2019article'><img class='pdficon' style='height: 32px;' src='\/wp-content\/uploads\/2019\/12\/PDF-download.png' alt='PDF icon' title=\"T\u00e9l\u00e9charger une copie PDF de l'article\"><\/a>        <\/div>\n        <a class='notes_toc_article_title_link' href='https:\/\/notes.math.ca\/fr\/article\/richard-guy-and-mentorship\/'>Richard Guy et le mentorat<\/a> <span class='notes_toc_author_name'>&mdash;&nbsp;R. Scheidler<\/span>      <\/div>\n    <\/div>\n    <div class='notes_toc_article'>\n      <div class='notes_toc_article_row'>\n        <div class='notes_toc_article_pdf'>\n<a href='https:\/\/notes.math.ca\/wp-content\/uploads\/2020\/07\/\u00c9pilogue-Notes-de-la-SMC-1.pdf' title='Cliquer ici pour t\u00e9l\u00e9charger une copie PDF de l\u2019article'><img class='pdficon' style='height: 32px;' src='\/wp-content\/uploads\/2019\/12\/PDF-download.png' alt='PDF icon' title=\"T\u00e9l\u00e9charger une copie PDF de l'article\"><\/a>        <\/div>\n        <a class='notes_toc_article_title_link' href='https:\/\/notes.math.ca\/fr\/article\/epilogue\/'>\u00c9pilogue<\/a>      <\/div>\n    <\/div>\n    <div class='notes_toc_article'>\n      <div class='notes_toc_section_name'>Appel de candidatures<\/div>\n      <div class='notes_toc_article_row'>\n        <div class='notes_toc_article_pdf'>\n<a href='https:\/\/notes.math.ca\/wp-content\/uploads\/2020\/07\/Prix-de-recherche-de-la-SMC-2021.pdf' title='Cliquer ici pour t\u00e9l\u00e9charger une copie PDF de l\u2019article'><img class='pdficon' style='height: 32px;' src='\/wp-content\/uploads\/2019\/12\/PDF-download.png' alt='PDF icon' title=\"T\u00e9l\u00e9charger une copie PDF de l'article\"><\/a>        <\/div>\n        <a class='notes_toc_article_title_link' href='https:\/\/notes.math.ca\/fr\/article\/prix-de-recherche-2021\/'>Prix de recherche de la SMC 2021<\/a>      <\/div>\n    <\/div>\n    <div class='notes_toc_article'>\n      <div class='notes_toc_article_row'>\n        <div class='notes_toc_article_pdf'>\n<a href='https:\/\/notes.math.ca\/wp-content\/uploads\/2020\/07\/R\u00e9dacteur-ou-r\u00e9dactrice-associ\u00e9.e.s-du-JCM_BCM-2021.pdf' title='Cliquer ici pour t\u00e9l\u00e9charger une copie PDF de l\u2019article'><img class='pdficon' style='height: 32px;' src='\/wp-content\/uploads\/2019\/12\/PDF-download.png' alt='PDF icon' title=\"T\u00e9l\u00e9charger une copie PDF de l'article\"><\/a>        <\/div>\n        <a class='notes_toc_article_title_link' href='https:\/\/notes.math.ca\/fr\/article\/redacteur-ou-redactrice-associe-e-s-du-jcm-bcm-2021-3\/'>R\u00e9dacteur ou r\u00e9dactrice associ\u00e9.e.s du JCM\/BCM 2021<\/a>      <\/div>\n    <\/div>\n    <div class='notes_toc_article'>\n      <div class='notes_toc_article_row'>\n        <div class='notes_toc_article_pdf'>\n<a href='https:\/\/notes.math.ca\/wp-content\/uploads\/2020\/07\/R\u00e9dacteur-ou-r\u00e9dactrice-associ\u00e9.e.s-pour-CRUX-2020-1.pdf' title='Cliquer ici pour t\u00e9l\u00e9charger une copie PDF de l\u2019article'><img class='pdficon' style='height: 32px;' src='\/wp-content\/uploads\/2019\/12\/PDF-download.png' alt='PDF icon' title=\"T\u00e9l\u00e9charger une copie PDF de l'article\"><\/a>        <\/div>\n        <a class='notes_toc_article_title_link' href='https:\/\/notes.math.ca\/fr\/article\/redacteur-ou-redactrice-associe-e-s-pour-crux-2020\/'>R\u00e9dacteur ou r\u00e9dactrice associ\u00e9.e.s pour CRUX 2020<\/a>      <\/div>\n    <\/div>\n    <div class='notes_toc_article'>\n      <div class='notes_toc_article_row'>\n        <div class='notes_toc_article_pdf'>\n<a href='https:\/\/notes.math.ca\/wp-content\/uploads\/2020\/08\/Prix-Cathleen-Synge-Morawetz-2021-Notes-de-la-SMC.pdf' title='Cliquer ici pour t\u00e9l\u00e9charger une copie PDF de l\u2019article'><img class='pdficon' style='height: 32px;' src='\/wp-content\/uploads\/2019\/12\/PDF-download.png' alt='PDF icon' title=\"T\u00e9l\u00e9charger une copie PDF de l'article\"><\/a>        <\/div>\n        <a class='notes_toc_article_title_link' href='https:\/\/notes.math.ca\/fr\/article\/prix-cathleen-synge-morawetz-2021\/'>Prix Cathleen-Synge-Morawetz 2021<\/a>      <\/div>\n    <\/div>\n    <div class='notes_toc_article'>\n      <div class='notes_toc_article_row'>\n        <div class='notes_toc_article_pdf'>\n<a href='https:\/\/notes.math.ca\/wp-content\/uploads\/2020\/08\/Prix-dexcellence-en-enseignement-2021.pdf' title='Cliquer ici pour t\u00e9l\u00e9charger une copie PDF de l\u2019article'><img class='pdficon' style='height: 32px;' src='\/wp-content\/uploads\/2019\/12\/PDF-download.png' alt='PDF icon' title=\"T\u00e9l\u00e9charger une copie PDF de l'article\"><\/a>        <\/div>\n        <a class='notes_toc_article_title_link' href='https:\/\/notes.math.ca\/fr\/article\/prix-dexcellence-en-enseignement-2021-2\/'>Prix d'excellence en enseignement 2021<\/a>      <\/div>\n    <\/div>\n    <div class='notes_toc_article'>\n      <div class='notes_toc_article_row'>\n        <div class='notes_toc_article_pdf'>\n<a href='https:\/\/notes.math.ca\/wp-content\/uploads\/2020\/08\/R\u00e9dacteurs-ou-r\u00e9dactrices-en-chef-au-JCM-2022.pdf' title='Cliquer ici pour t\u00e9l\u00e9charger une copie PDF de l\u2019article'><img class='pdficon' style='height: 32px;' src='\/wp-content\/uploads\/2019\/12\/PDF-download.png' alt='PDF icon' title=\"T\u00e9l\u00e9charger une copie PDF de l'article\"><\/a>        <\/div>\n        <a class='notes_toc_article_title_link' href='https:\/\/notes.math.ca\/fr\/article\/redacteurs-ou-redactrices-en-chef-au-jcm-2022\/'>R\u00e9dacteurs ou r\u00e9dactrices en chef au JCM 2022<\/a>      <\/div>\n    <\/div>\n    <div class='notes_toc_article'>\n      <div class='notes_toc_section_name'>Concours<\/div>\n      <div class='notes_toc_article_row'>\n        <div class='notes_toc_article_pdf'>\n<a href='https:\/\/notes.math.ca\/wp-content\/uploads\/2020\/07\/Concours-math\u00e9matiques-de-la-SMC-Notes-de-la-SMC.pdf' title='Cliquer ici pour t\u00e9l\u00e9charger une copie PDF de l\u2019article'><img class='pdficon' style='height: 32px;' src='\/wp-content\/uploads\/2019\/12\/PDF-download.png' alt='PDF icon' title=\"T\u00e9l\u00e9charger une copie PDF de l'article\"><\/a>        <\/div>\n        <a class='notes_toc_article_title_link' href='https:\/\/notes.math.ca\/fr\/article\/cms-math-competitions\/'>Concours math\u00e9matiques de la SMC<\/a>      <\/div>\n    <\/div>\n    <div class='notes_toc_article'>\n      <div class='notes_toc_section_name'>R\u00e9unions de la SMC<\/div>\n      <div class='notes_toc_article_row'>\n        <div class='notes_toc_article_pdf'>\n<a href='https:\/\/notes.math.ca\/wp-content\/uploads\/2020\/08\/R\u00e9sum\u00e9-de-la-r\u00e9union-de-la-SMC-sur-la-recherche-et-l\u00e9ducation-au-temps-de-la-COVID-19-Notes-de-la-SMC.pdf' title='Cliquer ici pour t\u00e9l\u00e9charger une copie PDF de l\u2019article'><img class='pdficon' style='height: 32px;' src='\/wp-content\/uploads\/2019\/12\/PDF-download.png' alt='PDF icon' title=\"T\u00e9l\u00e9charger une copie PDF de l'article\"><\/a>        <\/div>\n        <a class='notes_toc_article_title_link' href='https:\/\/notes.math.ca\/fr\/article\/resume-de-la-reunion-de-la-smc-sur-la-recherche-et-leducation-au-temps-de-la-covid-19\/'>R\u00e9sum\u00e9 de la r\u00e9union de la SMC sur la recherche et l'\u00e9ducation au temps de la COVID-19<\/a> <span class='notes_toc_author_name'>&mdash;&nbsp;Sarah Watson<\/span>      <\/div>\n    <\/div>\n    <div class='notes_toc_article'>\n      <div class='notes_toc_article_row'>\n        <div class='notes_toc_article_pdf'>\n<a href='https:\/\/notes.math.ca\/wp-content\/uploads\/2020\/09\/R\u00e9union-virtuelle-dhiver-2020-de-la-SMC-Notes-de-la-SMC.pdf' title='Cliquer ici pour t\u00e9l\u00e9charger une copie PDF de l\u2019article'><img class='pdficon' style='height: 32px;' src='\/wp-content\/uploads\/2019\/12\/PDF-download.png' alt='PDF icon' title=\"T\u00e9l\u00e9charger une copie PDF de l'article\"><\/a>        <\/div>\n        <a class='notes_toc_article_title_link' href='https:\/\/notes.math.ca\/fr\/article\/2020-cms-virtual-winter-meeting\/'>R\u00e9union virtuelle d'hiver 2020 de la SMC<\/a>      <\/div>\n    <\/div>\n    <div class='notes_toc_article'>\n      <div class='notes_toc_section_name'>Notices n\u00e9crologiques<\/div>\n      <div class='notes_toc_article_row'>\n        <div class='notes_toc_article_pdf'>\n<a href='https:\/\/notes.math.ca\/wp-content\/uploads\/2020\/08\/Elmer-Melvin-Tory-1928-2020-Notes-de-la-SMC.pdf' title='Cliquer ici pour t\u00e9l\u00e9charger une copie PDF de l\u2019article'><img class='pdficon' style='height: 32px;' src='\/wp-content\/uploads\/2019\/12\/PDF-download.png' alt='PDF icon' title=\"T\u00e9l\u00e9charger une copie PDF de l'article\"><\/a>        <\/div>\n        <a class='notes_toc_article_title_link' href='https:\/\/notes.math.ca\/fr\/article\/elmer-melvin-tory-1928-2020\/'>Elmer Melvin Tory (1928-2020)<\/a>      <\/div>\n    <\/div>\n    <div class='notes_toc_article'>\n      <div class='notes_toc_article_row'>\n        <div class='notes_toc_article_pdf'>\n<a href='https:\/\/notes.math.ca\/wp-content\/uploads\/2020\/08\/Peter-Borwein-1953-2020-Notes-de-la-SMC.pdf' title='Cliquer ici pour t\u00e9l\u00e9charger une copie PDF de l\u2019article'><img class='pdficon' style='height: 32px;' src='\/wp-content\/uploads\/2019\/12\/PDF-download.png' alt='PDF icon' title=\"T\u00e9l\u00e9charger une copie PDF de l'article\"><\/a>        <\/div>\n        <a class='notes_toc_article_title_link' href='https:\/\/notes.math.ca\/fr\/article\/peter-borwein-1953-2020\/'>Peter Borwein (1953-2020)<\/a> <span class='notes_toc_author_name'>&mdash;&nbsp;Veselin Jungic<\/span>      <\/div>\n    <\/div>\n    <div class='notes_toc_article'>\n      <div class='notes_toc_section_name'>Annonces<\/div>\n      <div class='notes_toc_article_row'>\n        <div class='notes_toc_article_pdf'>\n<a href='https:\/\/notes.math.ca\/wp-content\/uploads\/2020\/08\/Director-for-the-Pacific-Institute-for-the-Mathematical-Sciences-Notes-de-la-SMC.pdf' title='Cliquer ici pour t\u00e9l\u00e9charger une copie PDF de l\u2019article'><img class='pdficon' style='height: 32px;' src='\/wp-content\/uploads\/2019\/12\/PDF-download.png' alt='PDF icon' title=\"T\u00e9l\u00e9charger une copie PDF de l'article\"><\/a>        <\/div>\n        <a class='notes_toc_article_title_link' href='https:\/\/notes.math.ca\/fr\/article\/director-for-the-pacific-institute-for-the-mathematical-sciences\/'>Director for the Pacific Institute for the Mathematical Sciences<\/a>      <\/div>\n    <\/div>\n    <div class='notes_toc_article'>\n      <div class='notes_toc_section_name'>\u00c9quipe \u00e9ditoriale<\/div>\n      <div class='notes_toc_article_row'>\n        <div class='notes_toc_article_pdf'>\n<a href='https:\/\/notes.math.ca\/wp-content\/uploads\/2020\/08\/\u00c9quipe-\u00e9ditoriale-Notes-de-la-SMC.pdf' title='Cliquer ici pour t\u00e9l\u00e9charger une copie PDF de l\u2019article'><img class='pdficon' style='height: 32px;' src='\/wp-content\/uploads\/2019\/12\/PDF-download.png' alt='PDF icon' title=\"T\u00e9l\u00e9charger une copie PDF de l'article\"><\/a>        <\/div>\n        <a class='notes_toc_article_title_link' href='https:\/\/notes.math.ca\/fr\/article\/editorial-team-2\/'>\u00c9quipe \u00e9ditoriale<\/a>      <\/div>\n    <\/div>\n<\/div>\n<\/div>\n<div class='notes_toc_bottom_fade'><\/div>\n<\/div>\n<\/div>\n\t\t\t\t\t\t<\/div>\n\t\t\t\t<\/div>\n\t\t\t\t\t<\/div>\n\t\t<\/div>\n\t\t\t\t<div class=\"elementor-column elementor-col-50 elementor-top-column elementor-element elementor-element-4c58818d\" data-id=\"4c58818d\" data-element_type=\"column\">\n\t\t\t<div class=\"elementor-widget-wrap elementor-element-populated\">\n\t\t\t\t\t\t<div class=\"elementor-element elementor-element-243630e0 elementor-widget__width-inherit elementor-widget elementor-widget-text-editor\" data-id=\"243630e0\" data-element_type=\"widget\" id=\"notes_issue_page_toc\" data-widget_type=\"text-editor.default\">\n\t\t\t\t<div class=\"elementor-widget-container\">\n\t\t\t\t\t\t\t\t\t<h2><strong><span style=\"color: #ffffff;\"><img decoding=\"async\" class=\"wp-image-3931 alignright\" src=\"https:\/\/notes.math.ca\/wp-content\/uploads\/2020\/02\/Covid19.jpg\" alt=\"\" width=\"235\" height=\"156\" \/>Appel de textes<br \/><\/span><\/strong><\/h2><p><span style=\"color: #ffffff;\">Articles de recherche sur la COVID pour les Notes de recherch<em>e<\/em><br \/><\/span><\/p><p><span style=\"color: #ffffff;\">si vous travaillez\u00a0 sur la mod\u00e9lisation math\u00e9matique, \u00e9tudiez les g\u00e8nes, collaborez avec l\u2019industrie pour produire l\u2019\u00e9quipement de protection, analysez les donn\u00e9es \u00e9pid\u00e9miologiques, et d\u2019une mani\u00e8re ou d\u2019une autre, appliquez les math\u00e9matiques \u00e0 vos efforts contre le coronavirus, et il vous reste toujours le temps d\u2019\u00e9crire une br\u00e8ve description de votre projet, ou une note sur votre m\u00e9thodologie, ou bien une description des r\u00e9sultats pr\u00e9liminaires, nous aimerions publier vos observations et partager vos r\u00e9flexions avec la communaut\u00e9. Cela pourrait \u00eatre un simple paragraphe ou un texte de quelques pages. Nous donnerons priorit\u00e9 \u00e0 la publication de votre texte pour qu\u2019il soit diffus\u00e9 de mani\u00e8re opportune. <\/span><\/p><p><span style=\"color: #ffffff;\">Envoyez vos textes \u00e0 Zishad Lak (<span style=\"color: #00ffff;\"><a style=\"color: #00ffff;\" href=\"mailto:zlak@cms.math.ca\">zlak@smc.math.ca<\/a><\/span>) ou \u00e0 Patrick Ingram <span style=\"color: #3366ff;\"><span style=\"color: #ffffff;\">(<\/span><span style=\"color: #00ffff;\"><a style=\"color: #00ffff;\" href=\"mailto:pingram@yorku.ca\">pingram@yorku.ca<\/a><\/span><span style=\"color: #ffffff;\">)<\/span><\/span><\/span><\/p>\t\t\t\t\t\t\t\t<\/div>\n\t\t\t\t<\/div>\n\t\t\t\t<div class=\"elementor-element elementor-element-f85a3d8 elementor-widget elementor-widget-spacer\" data-id=\"f85a3d8\" data-element_type=\"widget\" data-widget_type=\"spacer.default\">\n\t\t\t\t<div class=\"elementor-widget-container\">\n\t\t\t\t\t\t\t<div class=\"elementor-spacer\">\n\t\t\t<div class=\"elementor-spacer-inner\"><\/div>\n\t\t<\/div>\n\t\t\t\t\t\t<\/div>\n\t\t\t\t<\/div>\n\t\t\t\t<div class=\"elementor-element elementor-element-649a119 elementor-widget elementor-widget-image\" data-id=\"649a119\" data-element_type=\"widget\" data-widget_type=\"image.default\">\n\t\t\t\t<div class=\"elementor-widget-container\">\n\t\t\t\t\t\t\t\t\t\t\t\t<figure class=\"wp-caption\">\n\t\t\t\t\t\t\t\t\t\t\t<a href=\"https:\/\/notes.math.ca\/fr\/article\/richard-kenneth-guy-1916-2020-a-calgary-perspective-on-his-contributions-to-mathematics-and-mentorship\/\">\n\t\t\t\t\t\t\t<img fetchpriority=\"high\" decoding=\"async\" width=\"1024\" height=\"899\" src=\"https:\/\/notes.math.ca\/wp-content\/uploads\/2020\/07\/E7-1024x899.jpg\" class=\"attachment-large size-large wp-image-5260\" alt=\"Richard and Louise at Assiniboine Lodge in British Columbia on Richard&#039;s 90th birthday\" srcset=\"https:\/\/notes.math.ca\/wp-content\/uploads\/2020\/07\/E7-1024x899.jpg 1024w, https:\/\/notes.math.ca\/wp-content\/uploads\/2020\/07\/E7-300x263.jpg 300w, https:\/\/notes.math.ca\/wp-content\/uploads\/2020\/07\/E7-768x674.jpg 768w, https:\/\/notes.math.ca\/wp-content\/uploads\/2020\/07\/E7-1536x1348.jpg 1536w, https:\/\/notes.math.ca\/wp-content\/uploads\/2020\/07\/E7.jpg 1642w\" sizes=\"(max-width: 1024px) 100vw, 1024px\" \/>\t\t\t\t\t\t\t\t<\/a>\n\t\t\t\t\t\t\t\t\t\t\t<figcaption class=\"widget-image-caption wp-caption-text\">Dossier sp\u00e9cial d\u00e9di\u00e9 \u00e0 la m\u00e9moire de  Richard K. Guy <br>Sous la direction de Robert Woodrow et Renate Scheidler<\/figcaption>\n\t\t\t\t\t\t\t\t\t\t<\/figure>\n\t\t\t\t\t\t\t\t\t<\/div>\n\t\t\t\t<\/div>\n\t\t\t\t\t<\/div>\n\t\t<\/div>\n\t\t\t\t\t<\/div>\n\t\t<\/section>\n\t\t\t\t<\/div>\n\t\t","protected":false},"parent":0,"menu_order":0,"template":"","class_list":["post-5107","issue","type-issue","status-publish","hentry"],"toolset-meta":{"field-group-for-issues":{"volume-number":{"type":"numeric","raw":"52"},"issue-number":{"type":"numeric","raw":"4"},"issue-month-number":{"type":"numeric","raw":"9"},"embargo-date":{"type":"date","raw":"1599091200","formatted":"September 3, 2020"},"issue-pdf":{"type":"file","raw":"https:\/\/notes.math.ca\/wp-content\/uploads\/2020\/06\/NotesSeptembre-1.pdf","attachment_id":6414}}},"_links":{"self":[{"href":"https:\/\/notes.math.ca\/fr\/wp-json\/wp\/v2\/issue\/5107","targetHints":{"allow":["GET"]}}],"collection":[{"href":"https:\/\/notes.math.ca\/fr\/wp-json\/wp\/v2\/issue"}],"about":[{"href":"https:\/\/notes.math.ca\/fr\/wp-json\/wp\/v2\/types\/issue"}],"version-history":[{"count":8,"href":"https:\/\/notes.math.ca\/fr\/wp-json\/wp\/v2\/issue\/5107\/revisions"}],"predecessor-version":[{"id":6416,"href":"https:\/\/notes.math.ca\/fr\/wp-json\/wp\/v2\/issue\/5107\/revisions\/6416"}],"wp:attachment":[{"href":"https:\/\/notes.math.ca\/fr\/wp-json\/wp\/v2\/media?parent=5107"}],"curies":[{"name":"wp","href":"https:\/\/api.w.org\/{rel}","templated":true}]}}