{"id":658,"date":"2020-01-09T14:26:37","date_gmt":"2020-01-09T19:26:37","guid":{"rendered":"https:\/\/notes.math.ca\/?post_type=issue&#038;p=658"},"modified":"2020-05-28T18:55:36","modified_gmt":"2020-05-28T22:55:36","slug":"52-1-fevrier-2020","status":"publish","type":"issue","link":"https:\/\/notes.math.ca\/fr\/numero\/52-1-fevrier-2020\/","title":{"rendered":"52-1 F\u00e9vrier 2020"},"content":{"rendered":"\t\t<div data-elementor-type=\"wp-post\" data-elementor-id=\"658\" class=\"elementor elementor-658 elementor-617\" data-elementor-post-type=\"issue\">\n\t\t\t\t\t\t<section class=\"elementor-section elementor-top-section elementor-element elementor-element-7af7897c elementor-section-boxed elementor-section-height-default elementor-section-height-default\" data-id=\"7af7897c\" data-element_type=\"section\">\n\t\t\t\t\t\t<div class=\"elementor-container elementor-column-gap-default\">\n\t\t\t\t\t<div class=\"elementor-column elementor-col-100 elementor-top-column elementor-element elementor-element-3f1d5113\" data-id=\"3f1d5113\" data-element_type=\"column\">\n\t\t\t<div class=\"elementor-widget-wrap elementor-element-populated\">\n\t\t\t\t\t\t<div class=\"elementor-element elementor-element-4ccd11ae elementor-widget elementor-widget-heading\" data-id=\"4ccd11ae\" data-element_type=\"widget\" data-widget_type=\"heading.default\">\n\t\t\t\t<div class=\"elementor-widget-container\">\n\t\t\t\t\t<h1 class=\"elementor-heading-title elementor-size-default\"><div class='notes_issue_ident'><div class='notes_issue_ident_my'>F\u00e9vrier 2020<\/div><\/div>\n<\/h1>\t\t\t\t<\/div>\n\t\t\t\t<\/div>\n\t\t\t\t<div class=\"elementor-element elementor-element-8b6f87f elementor-headline--style-highlight elementor-widget elementor-widget-animated-headline\" data-id=\"8b6f87f\" data-element_type=\"widget\" data-settings=\"{&quot;marker&quot;:&quot;underline&quot;,&quot;highlighted_text&quot;:&quot;nouveau num\\u00e9ro en ligne&quot;,&quot;headline_style&quot;:&quot;highlight&quot;,&quot;loop&quot;:&quot;yes&quot;,&quot;highlight_animation_duration&quot;:1200,&quot;highlight_iteration_delay&quot;:8000}\" data-widget_type=\"animated-headline.default\">\n\t\t\t\t<div class=\"elementor-widget-container\">\n\t\t\t\t\t\t\t<h3 class=\"elementor-headline\">\n\t\t\t\t\t<span class=\"elementor-headline-plain-text elementor-headline-text-wrapper\">Bienvenue au <\/span>\n\t\t\t\t<span class=\"elementor-headline-dynamic-wrapper elementor-headline-text-wrapper\">\n\t\t\t\t\t<span class=\"elementor-headline-dynamic-text elementor-headline-text-active\">nouveau num\u00e9ro en ligne<\/span>\n\t\t\t\t<\/span>\n\t\t\t\t\t<span class=\"elementor-headline-plain-text elementor-headline-text-wrapper\"> des Notes de la SMC !<\/span>\n\t\t\t\t\t<\/h3>\n\t\t\t\t\t\t<\/div>\n\t\t\t\t<\/div>\n\t\t\t\t<div class=\"elementor-element elementor-element-72171d57 elementor-widget elementor-widget-text-editor\" data-id=\"72171d57\" data-element_type=\"widget\" data-widget_type=\"text-editor.default\">\n\t\t\t\t<div class=\"elementor-widget-container\">\n\t\t\t\t\t\t\t\t\t<p><span class=\"tlid-translation translation\" lang=\"fr\"><span title=\"\">Nous esp\u00e9rons que vous appr\u00e9cierez le nouveau num\u00e9ro en ligne du bulletin de la Soci\u00e9t\u00e9, <em>Notes de la SMC<\/em>.<\/span> <span title=\"\">Nous continuerons \u00e0 travailler dur pour affiner certaines des fonctionnalit\u00e9s en ligne \u00e0 mesure que nous approfondissons nos comp\u00e9tences sur ce site WordPress!<\/span> <span class=\"\" title=\"\">Nous appr\u00e9cions vos commentaires, suggestions et soumissions.<\/span><\/span><\/p>\t\t\t\t\t\t\t\t<\/div>\n\t\t\t\t<\/div>\n\t\t\t\t<section class=\"elementor-section elementor-inner-section elementor-element elementor-element-1b553492 elementor-section-boxed elementor-section-height-default elementor-section-height-default\" data-id=\"1b553492\" data-element_type=\"section\">\n\t\t\t\t\t\t<div class=\"elementor-container elementor-column-gap-default\">\n\t\t\t\t\t<div class=\"elementor-column elementor-col-50 elementor-inner-column elementor-element elementor-element-3f5a5096\" data-id=\"3f5a5096\" data-element_type=\"column\">\n\t\t\t<div class=\"elementor-widget-wrap elementor-element-populated\">\n\t\t\t\t\t\t<div class=\"elementor-element elementor-element-64a9dfb8 elementor-widget elementor-widget-shortcode\" data-id=\"64a9dfb8\" data-element_type=\"widget\" id=\"notes_issue_page_toc\" data-widget_type=\"shortcode.default\">\n\t\t\t\t<div class=\"elementor-widget-container\">\n\t\t\t\t\t\t\t<div class=\"elementor-shortcode\"><div class='notes_render_toc notes_noprint notes_toc_style_1' style='' id='notes_toc'>\n<div class='notes_toc_top_fade'><\/div>\n<div class='notes_toc_top_bar'>\n  <div class='notes_toc_title'>Table des mati\u00e8res<\/div>\n  <div class='notes_toc_issuedata'>\nF\u00e9vrier&nbsp;2020 : tome&nbsp;52,&nbsp;no.&nbsp;1  <div class='notes_toc_issue_pdf'>\n    <a href='https:\/\/notes.math.ca\/wp-content\/uploads\/2020\/01\/Final-F\u00e8vrier2020-Fr.-4.pdf'><img class='pdficon' style='height: 48px;' src='\/wp-content\/uploads\/2019\/12\/PDF-download.png' alt='PDF icon' title=\"T\u00e9l\u00e9charger une copie PDF du num\u00e9ro au complet\"><\/a>\n  <\/div>\n  <\/div>\n<\/div>\n<div class='notes_clearboth notes_topborder'><\/div>\n<div class='notes_toc_body'>\n  <div class='notes_toc_articles'>\n    <div class='notes_toc_article'>\n      <div class='notes_toc_section_name'>Article de couverture<\/div>\n      <div class='notes_toc_article_row'>\n        <div class='notes_toc_article_pdf'>\n<a href='https:\/\/notes.math.ca\/wp-content\/uploads\/2020\/01\/Repenser-les-conf\u00e9rences-\u00e0-la-lumi\u00e8re-de-changements-climatiques-v.52-1.pdf' title='Cliquer ici pour t\u00e9l\u00e9charger une copie PDF de l\u2019article'><img class='pdficon' style='height: 32px;' src='\/wp-content\/uploads\/2019\/12\/PDF-download.png' alt='PDF icon' title=\"T\u00e9l\u00e9charger une copie PDF de l'article\"><\/a>        <\/div>\n        <a class='notes_toc_article_title_link' href='https:\/\/notes.math.ca\/fr\/article\/repenser-les-conferences-a-la-lumiere-de-changements-climatiques\/'>Repenser les conf\u00e9rences \u00e0 la lumi\u00e8re de changements climatiques<\/a> <span class='notes_toc_author_name'>&mdash;&nbsp;Matilde N. Lal\u00edn<\/span>      <\/div>\n    <\/div>\n    <div class='notes_toc_article'>\n      <div class='notes_toc_section_name'>\u00c9ditorial<\/div>\n      <div class='notes_toc_article_row'>\n        <div class='notes_toc_article_pdf'>\n<a href='https:\/\/notes.math.ca\/wp-content\/uploads\/2020\/01\/Laube-dune-nouvelle-\u00e8re-Notes-de-la-SMC.pdf' title='Cliquer ici pour t\u00e9l\u00e9charger une copie PDF de l\u2019article'><img class='pdficon' style='height: 32px;' src='\/wp-content\/uploads\/2019\/12\/PDF-download.png' alt='PDF icon' title=\"T\u00e9l\u00e9charger une copie PDF de l'article\"><\/a>        <\/div>\n        <a class='notes_toc_article_title_link' href='https:\/\/notes.math.ca\/fr\/article\/laube-dune-nouvelle-ere\/'>L'aube d'une nouvelle \u00e8re<\/a> <span class='notes_toc_author_name'>&mdash;&nbsp;Robert Dawson<\/span>      <\/div>\n    <\/div>\n    <div class='notes_toc_article'>\n      <div class='notes_toc_section_name'>Comptes rendus<\/div>\n      <div class='notes_toc_article_row'>\n        <div class='notes_toc_article_pdf'>\n<a href='https:\/\/notes.math.ca\/wp-content\/uploads\/2020\/01\/Comptes-rendus-Notes-de-la-SMC.pdf' title='Cliquer ici pour t\u00e9l\u00e9charger une copie PDF de l\u2019article'><img class='pdficon' style='height: 32px;' src='\/wp-content\/uploads\/2019\/12\/PDF-download.png' alt='PDF icon' title=\"T\u00e9l\u00e9charger une copie PDF de l'article\"><\/a>        <\/div>\n        <a class='notes_toc_article_title_link' href='https:\/\/notes.math.ca\/fr\/article\/comptes-rendus\/'>Comptes rendus<\/a> <span class='notes_toc_author_name'>&mdash;&nbsp;Karl Dilcher<\/span>      <\/div>\n    <\/div>\n    <div class='notes_toc_article'>\n      <div class='notes_toc_section_name'>Notes p\u00e9dagogiques<\/div>\n      <div class='notes_toc_article_row'>\n        <div class='notes_toc_article_pdf'>\n<a href='https:\/\/notes.math.ca\/wp-content\/uploads\/2020\/01\/Enhancing-our-Appreciation-of-Mathematics-through-Intentional-Community-Outreach-Notes-de-la-SMC.pdf' title='Cliquer ici pour t\u00e9l\u00e9charger une copie PDF de l\u2019article'><img class='pdficon' style='height: 32px;' src='\/wp-content\/uploads\/2019\/12\/PDF-download.png' alt='PDF icon' title=\"T\u00e9l\u00e9charger une copie PDF de l'article\"><\/a>        <\/div>\n        <a class='notes_toc_article_title_link' href='https:\/\/notes.math.ca\/fr\/article\/enhancing-our-appreciation-of-mathematics-through-intentional-community-outreach\/'>Enhancing our Appreciation of Mathematics through Intentional Community Outreach<\/a> <span class='notes_toc_author_name'>&mdash;&nbsp;John McLoughlin<\/span>      <\/div>\n    <\/div>\n    <div class='notes_toc_article'>\n      <div class='notes_toc_section_name'>Notes de la SCHPM<\/div>\n      <div class='notes_toc_article_row'>\n        <div class='notes_toc_article_pdf'>\n<a href='https:\/\/notes.math.ca\/wp-content\/uploads\/2020\/01\/Soviet-Mathematics-Education-in-the-Late-1970s-_-New-Concerns-Notes-de-la-SMC.pdf' title='Cliquer ici pour t\u00e9l\u00e9charger une copie PDF de l\u2019article'><img class='pdficon' style='height: 32px;' src='\/wp-content\/uploads\/2019\/12\/PDF-download.png' alt='PDF icon' title=\"T\u00e9l\u00e9charger une copie PDF de l'article\"><\/a>        <\/div>\n        <a class='notes_toc_article_title_link' href='https:\/\/notes.math.ca\/fr\/article\/soviet-mathematics-education-in-the-late-1970s-new-concerns\/'>Soviet Mathematics Education in the Late 1970s : New Concerns<\/a> <span class='notes_toc_author_name'>&mdash;&nbsp;Mariya Boyko<\/span>      <\/div>\n    <\/div>\n    <div class='notes_toc_article'>\n      <div class='notes_toc_section_name'>Appel de candidatures<\/div>\n      <div class='notes_toc_article_row'>\n        <div class='notes_toc_article_pdf'>\n<a href='https:\/\/notes.math.ca\/wp-content\/uploads\/2020\/01\/Fellows-de-la-SMC-2020-Notes-de-la-SMC.pdf' title='Cliquer ici pour t\u00e9l\u00e9charger une copie PDF de l\u2019article'><img class='pdficon' style='height: 32px;' src='\/wp-content\/uploads\/2019\/12\/PDF-download.png' alt='PDF icon' title=\"T\u00e9l\u00e9charger une copie PDF de l'article\"><\/a>        <\/div>\n        <a class='notes_toc_article_title_link' href='https:\/\/notes.math.ca\/fr\/article\/fellows-de-la-smc-2020\/'>Fellows de la SMC 2020<\/a>      <\/div>\n    <\/div>\n    <div class='notes_toc_article'>\n      <div class='notes_toc_article_row'>\n        <div class='notes_toc_article_pdf'>\n<a href='https:\/\/notes.math.ca\/wp-content\/uploads\/2020\/01\/Prix-Adrien-Pouliot-2020-Notes-de-la-SMC.pdf' title='Cliquer ici pour t\u00e9l\u00e9charger une copie PDF de l\u2019article'><img class='pdficon' style='height: 32px;' src='\/wp-content\/uploads\/2019\/12\/PDF-download.png' alt='PDF icon' title=\"T\u00e9l\u00e9charger une copie PDF de l'article\"><\/a>        <\/div>\n        <a class='notes_toc_article_title_link' href='https:\/\/notes.math.ca\/fr\/article\/prix-adrien-pouliot-2020\/'>Prix Adrien-Pouliot 2020<\/a>      <\/div>\n    <\/div>\n    <div class='notes_toc_article'>\n      <div class='notes_toc_article_row'>\n        <div class='notes_toc_article_pdf'>\n<a href='https:\/\/notes.math.ca\/wp-content\/uploads\/2020\/01\/Prix-Graham-Wright-pour-service-m\u00e9ritoire-2020.pdf' title='Cliquer ici pour t\u00e9l\u00e9charger une copie PDF de l\u2019article'><img class='pdficon' style='height: 32px;' src='\/wp-content\/uploads\/2019\/12\/PDF-download.png' alt='PDF icon' title=\"T\u00e9l\u00e9charger une copie PDF de l'article\"><\/a>        <\/div>\n        <a class='notes_toc_article_title_link' href='https:\/\/notes.math.ca\/fr\/article\/prix-graham-wright-pour-service-meritoire-2020\/'>Prix Graham-Wright pour service m\u00e9ritoire 2020<\/a>      <\/div>\n    <\/div>\n    <div class='notes_toc_article'>\n      <div class='notes_toc_article_row'>\n        <div class='notes_toc_article_pdf'>\n<a href='https:\/\/notes.math.ca\/wp-content\/uploads\/2020\/01\/R\u00e9dacteur-ou-r\u00e9dactrice-associ\u00e9es-pour-CRUX-Notes-de-la-SMC.pdf' title='Cliquer ici pour t\u00e9l\u00e9charger une copie PDF de l\u2019article'><img class='pdficon' style='height: 32px;' src='\/wp-content\/uploads\/2019\/12\/PDF-download.png' alt='PDF icon' title=\"T\u00e9l\u00e9charger une copie PDF de l'article\"><\/a>        <\/div>\n        <a class='notes_toc_article_title_link' href='https:\/\/notes.math.ca\/fr\/article\/redacteur-ou-redactrice-associe-e-s-pour-crux\/'>R\u00e9dacteur ou r\u00e9dactrice associ\u00e9(e)s pour CRUX<\/a>      <\/div>\n    <\/div>\n    <div class='notes_toc_article'>\n      <div class='notes_toc_section_name'>Remerciements<\/div>\n      <div class='notes_toc_article_row'>\n        <div class='notes_toc_article_pdf'>\n<a href='https:\/\/notes.math.ca\/wp-content\/uploads\/2020\/01\/Edna-James-Cr\u00e9atrice-des-solutions-vid\u00e9o-du-DOCM-Notes-de-la-SMC.pdf' title='Cliquer ici pour t\u00e9l\u00e9charger une copie PDF de l\u2019article'><img class='pdficon' style='height: 32px;' src='\/wp-content\/uploads\/2019\/12\/PDF-download.png' alt='PDF icon' title=\"T\u00e9l\u00e9charger une copie PDF de l'article\"><\/a>        <\/div>\n        <a class='notes_toc_article_title_link' href='https:\/\/notes.math.ca\/fr\/article\/edna-james-creator-of-comc-video-solutions\/'>Edna James - Cr\u00e9atrice des solutions vid\u00e9o du DOCM<\/a>      <\/div>\n    <\/div>\n    <div class='notes_toc_article'>\n      <div class='notes_toc_section_name'>R\u00e9unions de la SMC<\/div>\n      <div class='notes_toc_article_row'>\n        <div class='notes_toc_article_pdf'>\n<a href='https:\/\/notes.math.ca\/wp-content\/uploads\/2020\/01\/R\u00e9sum\u00e9-de-la-R\u00e9union-dhiver-2019-de-la-SMC-Notes-de-la-SMC.pdf' title='Cliquer ici pour t\u00e9l\u00e9charger une copie PDF de l\u2019article'><img class='pdficon' style='height: 32px;' src='\/wp-content\/uploads\/2019\/12\/PDF-download.png' alt='PDF icon' title=\"T\u00e9l\u00e9charger une copie PDF de l'article\"><\/a>        <\/div>\n        <a class='notes_toc_article_title_link' href='https:\/\/notes.math.ca\/fr\/article\/resume-de-la-reunion-d-hiver-2019-de-la-smc\/'>R\u00e9sum\u00e9 de la R\u00e9union d'hiver 2019 de la SMC<\/a> <span class='notes_toc_author_name'>&mdash;&nbsp;Sarah Watson<\/span>      <\/div>\n    <\/div>\n    <div class='notes_toc_article'>\n      <div class='notes_toc_article_row'>\n        <div class='notes_toc_article_pdf'>\n<a href='https:\/\/notes.math.ca\/wp-content\/uploads\/2020\/01\/R\u00e9union-d\u00e9t\u00e9-2020-Notes-de-la-SMC.pdf' title='Cliquer ici pour t\u00e9l\u00e9charger une copie PDF de l\u2019article'><img class='pdficon' style='height: 32px;' src='\/wp-content\/uploads\/2019\/12\/PDF-download.png' alt='PDF icon' title=\"T\u00e9l\u00e9charger une copie PDF de l'article\"><\/a>        <\/div>\n        <a class='notes_toc_article_title_link' href='https:\/\/notes.math.ca\/fr\/article\/reunion-dete-2020\/'>R\u00e9union d'\u00e9t\u00e9 2020<\/a>      <\/div>\n    <\/div>\n    <div class='notes_toc_article'>\n      <div class='notes_toc_article_row'>\n        <div class='notes_toc_article_pdf'>\n<a href='https:\/\/notes.math.ca\/wp-content\/uploads\/2020\/01\/R\u00e9union-d\u00e9t\u00e9-2020-de-la-SMC-_-mini-cours-Notes-de-la-SMC.pdf' title='Cliquer ici pour t\u00e9l\u00e9charger une copie PDF de l\u2019article'><img class='pdficon' style='height: 32px;' src='\/wp-content\/uploads\/2019\/12\/PDF-download.png' alt='PDF icon' title=\"T\u00e9l\u00e9charger une copie PDF de l'article\"><\/a>        <\/div>\n        <a class='notes_toc_article_title_link' href='https:\/\/notes.math.ca\/fr\/article\/reunion-dete-2020-de-la-smc-mini-cours\/'>R\u00e9union d'\u00e9t\u00e9 2020 de la SMC : mini-cours<\/a>      <\/div>\n    <\/div>\n    <div class='notes_toc_article'>\n      <div class='notes_toc_article_row'>\n        <div class='notes_toc_article_pdf'>\n<a href='https:\/\/notes.math.ca\/wp-content\/uploads\/2020\/01\/R\u00e9union-dhiver-2020-de-la-SMC-appel-de-propositions-Notes-de-la-SMC-1.pdf' title='Cliquer ici pour t\u00e9l\u00e9charger une copie PDF de l\u2019article'><img class='pdficon' style='height: 32px;' src='\/wp-content\/uploads\/2019\/12\/PDF-download.png' alt='PDF icon' title=\"T\u00e9l\u00e9charger une copie PDF de l'article\"><\/a>        <\/div>\n        <a class='notes_toc_article_title_link' href='https:\/\/notes.math.ca\/fr\/article\/2020-cms-winter-meeting-call-for-sessions\/'>R\u00e9union d'hiver 2020 de la SMC - appel de propositions<\/a>      <\/div>\n    <\/div>\n    <div class='notes_toc_article'>\n      <div class='notes_toc_section_name'>Annonces<\/div>\n      <div class='notes_toc_article_row'>\n        <div class='notes_toc_article_pdf'>\n<a href='https:\/\/notes.math.ca\/wp-content\/uploads\/2020\/01\/Journ\u00e9e-internationale-des-math\u00e9matiques-Notes-de-la-SMC.pdf' title='Cliquer ici pour t\u00e9l\u00e9charger une copie PDF de l\u2019article'><img class='pdficon' style='height: 32px;' src='\/wp-content\/uploads\/2019\/12\/PDF-download.png' alt='PDF icon' title=\"T\u00e9l\u00e9charger une copie PDF de l'article\"><\/a>        <\/div>\n        <a class='notes_toc_article_title_link' href='https:\/\/notes.math.ca\/fr\/article\/journee-internationale-des-mathematiques\/'>Journ\u00e9e internationale des math\u00e9matiques<\/a>      <\/div>\n    <\/div>\n    <div class='notes_toc_article'>\n      <div class='notes_toc_section_name'>\u00c9quipe \u00e9ditoriale<\/div>\n      <div class='notes_toc_article_row'>\n        <div class='notes_toc_article_pdf'>\n<a href='https:\/\/notes.math.ca\/wp-content\/uploads\/2020\/01\/F\u00e9vrier-2020-Notes-de-la-SMC.pdf' title='Cliquer ici pour t\u00e9l\u00e9charger une copie PDF de l\u2019article'><img class='pdficon' style='height: 32px;' src='\/wp-content\/uploads\/2019\/12\/PDF-download.png' alt='PDF icon' title=\"T\u00e9l\u00e9charger une copie PDF de l'article\"><\/a>        <\/div>\n        <a class='notes_toc_article_title_link' href='https:\/\/notes.math.ca\/fr\/article\/equipe-editoriale\/'>F\u00e9vrier 2020<\/a>      <\/div>\n    <\/div>\n<\/div>\n<\/div>\n<div class='notes_toc_bottom_fade'><\/div>\n<\/div>\n<\/div>\n\t\t\t\t\t\t<\/div>\n\t\t\t\t<\/div>\n\t\t\t\t\t<\/div>\n\t\t<\/div>\n\t\t\t\t<div class=\"elementor-column elementor-col-50 elementor-inner-column elementor-element elementor-element-24cd0026\" data-id=\"24cd0026\" data-element_type=\"column\">\n\t\t\t<div class=\"elementor-widget-wrap elementor-element-populated\">\n\t\t\t\t\t\t<div class=\"elementor-element elementor-element-390fab7 elementor-cta--skin-classic elementor-animated-content elementor-bg-transform elementor-bg-transform-zoom-in elementor-widget elementor-widget-call-to-action\" data-id=\"390fab7\" data-element_type=\"widget\" data-widget_type=\"call-to-action.default\">\n\t\t\t\t<div class=\"elementor-widget-container\">\n\t\t\t\t\t\t\t<a class=\"elementor-cta\" href=\"https:\/\/ete20.smc.math.ca\/\">\n\t\t\t\t\t<div class=\"elementor-cta__bg-wrapper\">\n\t\t\t\t<div class=\"elementor-cta__bg elementor-bg\" style=\"background-image: url(https:\/\/notes.math.ca\/wp-content\/uploads\/2020\/01\/20190905-CR-DRONE-CAMPUS-CANAL-compressed-448x252.jpg);\" role=\"img\" aria-label=\"20190905-CR-DRONE-CAMPUS-CANAL-compressed\"><\/div>\n\t\t\t\t<div class=\"elementor-cta__bg-overlay\"><\/div>\n\t\t\t<\/div>\n\t\t\t\t\t\t\t<div class=\"elementor-cta__content\">\n\t\t\t\t\n\t\t\t\t\t\t\t\t\t<h2 class=\"elementor-cta__title elementor-cta__content-item elementor-content-item\">\n\t\t\t\t\t\tVenez c\u00e9l\u00e9brer notre 75e avec nous !\t\t\t\t\t<\/h2>\n\t\t\t\t\n\t\t\t\t\t\t\t\t\t<div class=\"elementor-cta__description elementor-cta__content-item elementor-content-item\">\n\t\t\t\t\t\tLa Soci\u00e9t\u00e9 math\u00e9matique du Canada a 75 ans! Nous c\u00e9l\u00e9brerons l'anniversaire marquant de la Soci\u00e9t\u00e9 lors de la R\u00e9union d'\u00e9t\u00e9 2020 du 5 au 8 juin \u00e0 Ottawa, en Ontario. Marquez vos calendriers!\t\t\t\t\t<\/div>\n\t\t\t\t\n\t\t\t\t\t\t\t\t\t<div class=\"elementor-cta__button-wrapper elementor-cta__content-item elementor-content-item \">\n\t\t\t\t\t<span class=\"elementor-cta__button elementor-button elementor-size-\">\n\t\t\t\t\t\tInscription sera ouvert en mars\t\t\t\t\t<\/span>\n\t\t\t\t\t<\/div>\n\t\t\t\t\t\t\t<\/div>\n\t\t\t\t\t\t<\/a>\n\t\t\t\t\t\t<\/div>\n\t\t\t\t<\/div>\n\t\t\t\t<div class=\"elementor-element elementor-element-f2d0619 notes_mobile_max_width_200px elementor-widget elementor-widget-image\" data-id=\"f2d0619\" data-element_type=\"widget\" data-widget_type=\"image.default\">\n\t\t\t\t<div class=\"elementor-widget-container\">\n\t\t\t\t\t\t\t\t\t\t\t\t\t\t\t\t<a href=\"https:\/\/cms.math.ca\/Adhesion\/individual\/benefits.html\">\n\t\t\t\t\t\t\t<img fetchpriority=\"high\" decoding=\"async\" width=\"319\" height=\"614\" src=\"https:\/\/notes.math.ca\/wp-content\/uploads\/2020\/01\/Did-You-KNow_vertical_FR-319x614.jpg\" class=\"attachment-medium_large size-medium_large wp-image-2504\" alt=\"\" srcset=\"https:\/\/notes.math.ca\/wp-content\/uploads\/2020\/01\/Did-You-KNow_vertical_FR.jpg 319w, https:\/\/notes.math.ca\/wp-content\/uploads\/2020\/01\/Did-You-KNow_vertical_FR-532x1024.jpg 532w, https:\/\/notes.math.ca\/wp-content\/uploads\/2020\/01\/Did-You-KNow_vertical_FR-798x1536.jpg 798w, https:\/\/notes.math.ca\/wp-content\/uploads\/2020\/01\/Did-You-KNow_vertical_FR-1064x2048.jpg 1064w\" sizes=\"(max-width: 319px) 100vw, 319px\" \/>\t\t\t\t\t\t\t\t<\/a>\n\t\t\t\t\t\t\t\t\t\t\t\t\t\t\t<\/div>\n\t\t\t\t<\/div>\n\t\t\t\t\t<\/div>\n\t\t<\/div>\n\t\t\t\t\t<\/div>\n\t\t<\/section>\n\t\t\t\t<div class=\"elementor-element elementor-element-212c888 elementor-widget elementor-widget-image\" data-id=\"212c888\" data-element_type=\"widget\" data-widget_type=\"image.default\">\n\t\t\t\t<div class=\"elementor-widget-container\">\n\t\t\t\t\t\t\t\t\t\t\t\t\t\t\t\t<a href=\"https:\/\/cms.math.ca\/Publications\/price_list_fr.pdf\">\n\t\t\t\t\t\t\t<img decoding=\"async\" width=\"1536\" height=\"278\" src=\"https:\/\/notes.math.ca\/wp-content\/uploads\/2020\/01\/ATOM-set-1-16-horizontal_FR-1536x278.jpg\" class=\"attachment-1536x1536 size-1536x1536 wp-image-2203\" alt=\"\" srcset=\"https:\/\/notes.math.ca\/wp-content\/uploads\/2020\/01\/ATOM-set-1-16-horizontal_FR-1536x278.jpg 1536w, https:\/\/notes.math.ca\/wp-content\/uploads\/2020\/01\/ATOM-set-1-16-horizontal_FR-300x54.jpg 300w, https:\/\/notes.math.ca\/wp-content\/uploads\/2020\/01\/ATOM-set-1-16-horizontal_FR-1024x185.jpg 1024w, https:\/\/notes.math.ca\/wp-content\/uploads\/2020\/01\/ATOM-set-1-16-horizontal_FR-768x139.jpg 768w, https:\/\/notes.math.ca\/wp-content\/uploads\/2020\/01\/ATOM-set-1-16-horizontal_FR-2048x371.jpg 2048w, https:\/\/notes.math.ca\/wp-content\/uploads\/2020\/01\/ATOM-set-1-16-horizontal_FR.jpg 826w\" sizes=\"(max-width: 1536px) 100vw, 1536px\" \/>\t\t\t\t\t\t\t\t<\/a>\n\t\t\t\t\t\t\t\t\t\t\t\t\t\t\t<\/div>\n\t\t\t\t<\/div>\n\t\t\t\t\t<\/div>\n\t\t<\/div>\n\t\t\t\t\t<\/div>\n\t\t<\/section>\n\t\t\t\t<\/div>\n\t\t","protected":false},"parent":0,"menu_order":0,"template":"","class_list":["post-658","issue","type-issue","status-publish","hentry"],"toolset-meta":{"field-group-for-issues":{"volume-number":{"type":"numeric","raw":"52"},"issue-number":{"type":"numeric","raw":"1"},"issue-month-number":{"type":"numeric","raw":"2"},"embargo-date":{"type":"date","raw":"1580688000","formatted":"February 3, 2020"},"issue-pdf":{"type":"file","raw":"https:\/\/notes.math.ca\/wp-content\/uploads\/2020\/01\/Final-F\u00e8vrier2020-Fr.-4.pdf","attachment_id":2820}}},"_links":{"self":[{"href":"https:\/\/notes.math.ca\/fr\/wp-json\/wp\/v2\/issue\/658","targetHints":{"allow":["GET"]}}],"collection":[{"href":"https:\/\/notes.math.ca\/fr\/wp-json\/wp\/v2\/issue"}],"about":[{"href":"https:\/\/notes.math.ca\/fr\/wp-json\/wp\/v2\/types\/issue"}],"version-history":[{"count":43,"href":"https:\/\/notes.math.ca\/fr\/wp-json\/wp\/v2\/issue\/658\/revisions"}],"predecessor-version":[{"id":4924,"href":"https:\/\/notes.math.ca\/fr\/wp-json\/wp\/v2\/issue\/658\/revisions\/4924"}],"wp:attachment":[{"href":"https:\/\/notes.math.ca\/fr\/wp-json\/wp\/v2\/media?parent=658"}],"curies":[{"name":"wp","href":"https:\/\/api.w.org\/{rel}","templated":true}]}}